{"id":24,"date":"2018-06-10T20:32:48","date_gmt":"2018-06-10T19:32:48","guid":{"rendered":"http:\/\/www.rvdv.net\/2008\/?page_id=24"},"modified":"2026-03-28T11:07:17","modified_gmt":"2026-03-28T10:07:17","slug":"le-projet-the-project","status":"publish","type":"page","link":"http:\/\/www.rvdv.net\/2008\/","title":{"rendered":"Le projet (The project)"},"content":{"rendered":"<p><a href=\"http:\/\/www.rvdv.net\/2008\/wp-content\/uploads\/sites\/2\/2018\/06\/carnet_nicolasnova-1.jpg\" data-rel=\"lightbox-image-0\" data-rl_title=\"\" data-rl_caption=\"\" title=\"\"><img loading=\"lazy\" decoding=\"async\" class=\"alignnone wp-image-27\" src=\"http:\/\/www.rvdv.net\/2008\/wp-content\/uploads\/sites\/2\/2018\/06\/carnet_nicolasnova-1.jpg\" alt=\"\" width=\"640\" height=\"480\" srcset=\"http:\/\/www.rvdv.net\/2008\/wp-content\/uploads\/sites\/2\/2018\/06\/carnet_nicolasnova-1.jpg 1024w, http:\/\/www.rvdv.net\/2008\/wp-content\/uploads\/sites\/2\/2018\/06\/carnet_nicolasnova-1-300x225.jpg 300w, http:\/\/www.rvdv.net\/2008\/wp-content\/uploads\/sites\/2\/2018\/06\/carnet_nicolasnova-1-768x576.jpg 768w\" sizes=\"auto, (max-width: 640px) 100vw, 640px\" \/><\/a><br \/>\nLe carnet-programme de l\u2019op\u00e9ration Mobilisable [Conception graphique d\u2019Alexandre Balgiu et Thibaud Meltz, photo Nicolas Nova]<\/p>\n<p>Mobilisable est un projet du programme de recherche \u00ab\u00a0Formes de la mobilit\u00e9 \u00bb, conduit par l\u2019\u00c9cole nationale sup\u00e9rieure des arts d\u00e9coratifs et l\u2019Universit\u00e9 Paris 8, avec le concours de l\u2019\u00c9cole nationale sup\u00e9rieure d\u2019architecture de Toulouse, de la Haute \u00e9cole d\u2019art et de design-Gen\u00e8ve et de la Tokyo University of the Arts.<br \/>\n<em>Mobilisable is a project of the research program \u00ab Forms of Mobility \u00bb. It is directed by the \u00c9cole nationale sup\u00e9rieure des arts d\u00e9coratifs and the Universit\u00e9 Paris 8 in cooperation with the \u00c9cole nationale sup\u00e9rieure d\u2019architecture de Toulouse, the Haute \u00e9cole d\u2019art et de design-Gen\u00e8ve and the Tokyo University of the Arts.<\/em><\/p>\n<p><em>Comit\u00e9 d\u2019organisation Organization comity<\/em><br \/>\nSamuel Bianchini, Universit\u00e9 de Valenciennes et Ensad<br \/>\nJean-Louis Boissier, Universit\u00e9 Paris 8 et Ensad<br \/>\nVal\u00e9rie Chatelet, architecte, chercheuse, <em>architect and researcher<\/em><br \/>\nJean-Fran\u00e7ois Depelsenaire, Ensad<br \/>\nLiliane Terrier, Universit\u00e9 Paris 8<br \/>\nAndrea Urlberger, Ensat, Toulouse<br \/>\nGwenola Wagon, Universit\u00e9 Paris 8<\/p>\n<p><em>R\u00e9daction et publication en ligne<br \/>\n<\/em>Liliane Terrier<\/p>\n<p><em>R\u00e9alisation<\/em><br \/>\nDirection des services techniques, d\u00e9partement de la communication et des relations\u00a0 ext\u00e9rieures, Ensad<br \/>\nLaboratoire Esth\u00e9tique des nouveaux m\u00e9dias, Universit\u00e9 Paris 8<\/p>\n<p><em>M\u00e9diation<\/em><br \/>\nJulien Levesque, Paris 8 et Ensad<\/p>\n<p><em>Traductions<\/em><br \/>\nAnne Zeitz, Paris 8<\/p>\n<p><em>Conception graphique<\/em><br \/>\nAlexandre Balgiu, Thibaud Meltz, Ensad<\/p>\n<p><em><br \/>\nPartenaires Partners<\/em><\/p>\n<p>\u00c9cole nationale sup\u00e9rieure des arts d\u00e9coratifs, EnsadLab, programme de recherche Formes de la mobilit\u00e9 (FdM)<\/p>\n<p>Universit\u00e9 Paris 8, \u00e9quipe de recherche, research group, Arts des images et art contemporain, laboratoire Esth\u00e9tique des nouveaux m\u00e9dias<\/p>\n<p>\u00c9cole nationale sup\u00e9rieure d\u2019architecture de Toulouse<\/p>\n<p>Haute \u00e9cole d\u2019art et de design-Gen\u00e8ve, laboratoire Formes de l\u2019interactivit\u00e9<\/p>\n<p>Tokyo University of the Arts, Graduate School of Film and New Media<\/p>\n","protected":false},"excerpt":{"rendered":"<p>Le carnet-programme de l\u2019op\u00e9ration Mobilisable [Conception graphique d\u2019Alexandre Balgiu et Thibaud Meltz, photo Nicolas Nova] Mobilisable est un projet du programme de recherche \u00ab\u00a0Formes de la mobilit\u00e9 \u00bb, conduit par l\u2019\u00c9cole nationale sup\u00e9rieure des arts d\u00e9coratifs et l\u2019Universit\u00e9 Paris 8, avec le concours de l\u2019\u00c9cole nationale sup\u00e9rieure d\u2019architecture de Toulouse, de la Haute \u00e9cole d\u2019art &hellip; <a href=\"http:\/\/www.rvdv.net\/2008\/\" class=\"more-link\">Continuer la lecture de <span class=\"screen-reader-text\">Le projet (The project)<\/span><\/a><\/p>\n","protected":false},"author":1,"featured_media":0,"parent":0,"menu_order":1,"comment_status":"closed","ping_status":"closed","template":"","meta":{"footnotes":""},"class_list":["post-24","page","type-page","status-publish","hentry"],"_links":{"self":[{"href":"http:\/\/www.rvdv.net\/2008\/wp-json\/wp\/v2\/pages\/24","targetHints":{"allow":["GET"]}}],"collection":[{"href":"http:\/\/www.rvdv.net\/2008\/wp-json\/wp\/v2\/pages"}],"about":[{"href":"http:\/\/www.rvdv.net\/2008\/wp-json\/wp\/v2\/types\/page"}],"author":[{"embeddable":true,"href":"http:\/\/www.rvdv.net\/2008\/wp-json\/wp\/v2\/users\/1"}],"replies":[{"embeddable":true,"href":"http:\/\/www.rvdv.net\/2008\/wp-json\/wp\/v2\/comments?post=24"}],"version-history":[{"count":3,"href":"http:\/\/www.rvdv.net\/2008\/wp-json\/wp\/v2\/pages\/24\/revisions"}],"predecessor-version":[{"id":91,"href":"http:\/\/www.rvdv.net\/2008\/wp-json\/wp\/v2\/pages\/24\/revisions\/91"}],"wp:attachment":[{"href":"http:\/\/www.rvdv.net\/2008\/wp-json\/wp\/v2\/media?parent=24"}],"curies":[{"name":"wp","href":"https:\/\/api.w.org\/{rel}","templated":true}]}}