{"id":49,"date":"2013-03-11T20:23:45","date_gmt":"2013-03-11T19:23:45","guid":{"rendered":"http:\/\/www.rvdv.net\/2013\/?page_id=6"},"modified":"2026-03-28T21:06:48","modified_gmt":"2026-03-28T20:06:48","slug":"mobilisable-2013-au-labo-de-ledition-30-et-31-mai-2013","status":"publish","type":"page","link":"https:\/\/www.rvdv.net\/2013\/","title":{"rendered":"Mobilisable 2013 au Labo de l&rsquo;\u00e9dition, 30 et 31 mai 2013"},"content":{"rendered":"<p>Mobilisable 2013, <em>ouvrages exp\u00e9rimentaux pour \u00e9crans mobiles<\/em><br \/>\nDeux journ\u00e9es au Labo de l&rsquo;\u00e9dition*, jeudi 30 et vendredi 31 mai 2013, de 14h \u00e0 18h.<\/p>\n<p>On le sait, en l&rsquo;espace de peu de temps, l&rsquo;\u00e9cran est devenu fondamentalement mobile. S&rsquo;il vient du t\u00e9l\u00e9phone, install\u00e9 sur les r\u00e9seaux, il est \u00e0 la fois un ordinateur et une \u00a0page. Ce qu&rsquo;il affiche, et ce sur quoi il permet d&rsquo;agir \u00e0 la fois intuitivement et selon nos habitudes culturelles, est aussi bien de l&rsquo;ordre du livre et de la carte, du film et de la t\u00e9l\u00e9vision, de l&rsquo;outil et du jeu. Ne pourrait-on pas regarder ce que l&rsquo;\u00e9cran nous offre comme une entit\u00e9 qui serait plus ou moins tout cela \u00e0 la fois, et m\u00eame dans une version \u00ab augment\u00e9e \u00bb ? C&rsquo;est ce type d&rsquo;\u00ab ouvrage pour \u00e9cran mobile \u00bb qu&rsquo;il est passionnant d&rsquo;explorer aujourd&rsquo;hui, sans se poser n\u00e9cessairement la question de sa nature ou de son destin. Ce sont un certain nombre de prototypes de ces ouvrages exp\u00e9rimentaux qu&rsquo;expose \u00ab Mobilisable 2013 \u00bb au Labo de l&rsquo;\u00e9dition, sur une proposition du laboratoire EnsadLab de l&rsquo;\u00c9cole nationale sup\u00e9rieure des Arts D\u00e9coratifs, associ\u00e9 \u00e0 l&rsquo;Universit\u00e9 Paris 8 et \u00e0 la Haute \u00e9cole d&rsquo;art et de design-Gen\u00e8ve. \u00c0 l&rsquo;exposition et \u00e0 la d\u00e9monstration s&rsquo;adjoint bien s\u00fbr la discussion : des rencontres et une table ronde.<\/p>\n<p>La table ronde \u00ab Une \u00e9criture exp\u00e9rimentale pour \u00e9crans mobiles \u00bb (jeudi 30 mai, de 18h \u00e0 20h) invite des designers et chercheurs \u00e0 t\u00e9moigner et \u00e0 d\u00e9battre des nouvelles formes de consultation et de lecture, mais d&rsquo;abord des questions d&rsquo;exp\u00e9rimentation et de formation attach\u00e9es \u00e0 une \u00e9criture propre aux ouvrages pour \u00e9crans mobiles.<br \/>\n<em>Liste des intervenants :<\/em><\/p>\n<p>Jean-Louis Boissier, chercheur \u00e0 l&rsquo;Universit\u00e9 Paris 8 et \u00e0 EnsadLab<br \/>\nDominique Cunin, artiste, chercheur \u00e0 EnsadLab<br \/>\nJean-Michel G\u00e9ridan, professeur de design graphique et interactif \u00e0 l&rsquo;ESAD-Le Havre<br \/>\nAnette Lenz, graphiste, professeur \u00e0 la HEAD-Gen\u00e8ve<br \/>\nCamille P\u00e8ne (Labo de l&rsquo;\u00e9dition, mod\u00e9ratrice)<br \/>\n\u00c9tienne Mineur, designer, professeur \u00e0 l&rsquo;EnsAD et \u00e0 la HEAD-Gen\u00e8ve<br \/>\nDaniel Sciboz, graphiste, professeur de design interactif \u00e0 la HEAD-Gen\u00e8ve<br \/>\nDouglas Edric Stanley,\u00a0professeur de design interactif \u00e0 la HEAD-Gen\u00e8ve<\/p><\/blockquote>\n<p>* Labo de l&rsquo;\u00e9dition<br \/>\n<a href=\"http:\/\/www.labodeledition.com\/\" target=\"_blank\" rel=\"noopener\">http:\/\/www.labodeledition.com\/<\/a><br \/>\n2, rue Saint-M\u00e9dard, 75005 Paris<br \/>\nT\u00e9l : +33 1 83 64 89 00<br \/>\n<a href=\"contact@labodeledition.com\" target=\"_blank\" rel=\"noopener\">contact@labodeledition.com<\/a><\/p>\n<p><em>25 travaux sont pr\u00e9sent\u00e9s en d\u00e9monstration (liste ci-joint)<br \/>\n<\/em><br \/>\n<a href=\"http:\/\/www.rvdv.net\/2013\/wp-content\/uploads\/sites\/3\/2013\/03\/mobilisable-2013-affiche-web.jpg\" data-rel=\"lightbox-image-0\" data-rl_title=\"\" data-rl_caption=\"\" title=\"\"><img loading=\"lazy\" decoding=\"async\" class=\"alignnone wp-image-9\" src=\"http:\/\/www.rvdv.net\/2013\/wp-content\/uploads\/sites\/3\/2013\/03\/mobilisable-2013-affiche-web.jpg\" alt=\"\" width=\"480\" height=\"683\" srcset=\"https:\/\/www.rvdv.net\/2013\/wp-content\/uploads\/sites\/3\/2013\/03\/mobilisable-2013-affiche-web.jpg 800w, https:\/\/www.rvdv.net\/2013\/wp-content\/uploads\/sites\/3\/2013\/03\/mobilisable-2013-affiche-web-211x300.jpg 211w, https:\/\/www.rvdv.net\/2013\/wp-content\/uploads\/sites\/3\/2013\/03\/mobilisable-2013-affiche-web-720x1024.jpg 720w, https:\/\/www.rvdv.net\/2013\/wp-content\/uploads\/sites\/3\/2013\/03\/mobilisable-2013-affiche-web-768x1092.jpg 768w\" sizes=\"auto, (max-width: 480px) 100vw, 480px\" \/><\/a><a href=\"http:\/\/www.rvdv.net\/2013\/wp-content\/uploads\/sites\/3\/2013\/03\/mobilisable-2013-affiche-web.jpg\" data-rel=\"lightbox-image-1\" data-rl_title=\"\" data-rl_caption=\"\" title=\"\"><br \/>\n<\/a><br \/>\nImage : <em>Les Vigilambules<\/em> (2011-2013), \u00e9cran mobile performatif, version <em>Lumi\u00e8res de Rousseau<\/em><br \/>\npour l&rsquo;exposition <em>\u00ab leurs lumi\u00e8res \u00bb<\/em>, Saint-Riquier, octobre-d\u00e9cembre 2012.<br \/>\nAuteurs : Jean-Louis Boissier et Dominique Cunin. Production : HEAD-Gen\u00e8ve\/Universit\u00e9 Paris 8\/EnsadLab.<\/p>\n","protected":false},"excerpt":{"rendered":"<p>Mobilisable 2013, ouvrages exp\u00e9rimentaux pour \u00e9crans mobiles Deux journ\u00e9es au Labo de l&rsquo;\u00e9dition*, jeudi 30 et vendredi 31 mai 2013, de 14h \u00e0 18h. On le sait, en l&rsquo;espace de peu de temps, l&rsquo;\u00e9cran est devenu fondamentalement mobile. S&rsquo;il vient du t\u00e9l\u00e9phone, install\u00e9 sur les r\u00e9seaux, il est \u00e0 la fois un ordinateur et une &hellip; <a href=\"https:\/\/www.rvdv.net\/2013\/\" class=\"more-link\">Continuer la lecture de <span class=\"screen-reader-text\">Mobilisable 2013 au Labo de l&rsquo;\u00e9dition, 30 et 31 mai 2013<\/span><\/a><\/p>\n","protected":false},"author":1,"featured_media":0,"parent":0,"menu_order":0,"comment_status":"closed","ping_status":"closed","template":"","meta":{"footnotes":""},"class_list":["post-49","page","type-page","status-publish","hentry"],"_links":{"self":[{"href":"https:\/\/www.rvdv.net\/2013\/wp-json\/wp\/v2\/pages\/49","targetHints":{"allow":["GET"]}}],"collection":[{"href":"https:\/\/www.rvdv.net\/2013\/wp-json\/wp\/v2\/pages"}],"about":[{"href":"https:\/\/www.rvdv.net\/2013\/wp-json\/wp\/v2\/types\/page"}],"author":[{"embeddable":true,"href":"https:\/\/www.rvdv.net\/2013\/wp-json\/wp\/v2\/users\/1"}],"replies":[{"embeddable":true,"href":"https:\/\/www.rvdv.net\/2013\/wp-json\/wp\/v2\/comments?post=49"}],"version-history":[{"count":1,"href":"https:\/\/www.rvdv.net\/2013\/wp-json\/wp\/v2\/pages\/49\/revisions"}],"predecessor-version":[{"id":67,"href":"https:\/\/www.rvdv.net\/2013\/wp-json\/wp\/v2\/pages\/49\/revisions\/67"}],"wp:attachment":[{"href":"https:\/\/www.rvdv.net\/2013\/wp-json\/wp\/v2\/media?parent=49"}],"curies":[{"name":"wp","href":"https:\/\/api.w.org\/{rel}","templated":true}]}}