{"id":126,"date":"2026-03-30T18:27:30","date_gmt":"2026-03-30T16:27:30","guid":{"rendered":"https:\/\/www.rvdv.net\/leurslumieres\/?page_id=126"},"modified":"2026-03-30T18:28:07","modified_gmt":"2026-03-30T16:28:07","slug":"13-marion-tampon-lajarriette","status":"publish","type":"page","link":"https:\/\/www.rvdv.net\/leurslumieres\/page-d-exemple\/13-marion-tampon-lajarriette\/","title":{"rendered":"13. Marion Tampon-Lajarriette"},"content":{"rendered":"<p><em>Cam\u00e9ra 1, plan 8<\/em><br \/>\nFilm vid\u00e9o, 2018<br \/>\nVid\u00e9o-projecteur, lecteur, enceintes, 6 mn en boucle infinie<br \/>\nCoproduction\u00a0: Printemps de Septembre \u00e0 Toulouse et Maison europ\u00e9enne de la photographie, Paris<br \/>\nRemerciements\u00a0: Claudy Iannone<\/p>\n<p><img loading=\"lazy\" decoding=\"async\" class=\"alignnone size-full wp-image-127\" src=\"https:\/\/www.rvdv.net\/leurslumieres\/wp-content\/uploads\/sites\/9\/2026\/03\/4-CAMERA-PLAN.jpg\" alt=\"\" width=\"640\" height=\"360\" srcset=\"https:\/\/www.rvdv.net\/leurslumieres\/wp-content\/uploads\/sites\/9\/2026\/03\/4-CAMERA-PLAN.jpg 640w, https:\/\/www.rvdv.net\/leurslumieres\/wp-content\/uploads\/sites\/9\/2026\/03\/4-CAMERA-PLAN-300x169.jpg 300w\" sizes=\"auto, (max-width: 640px) 100vw, 640px\" \/><\/p>\n<p>Argument\u00a0:<br \/>\n<em>Cam\u00e9ra\u00a01, Plan\u00a08<\/em> op\u00e8re un d\u00e9placement, dans les deux sens du terme. La vid\u00e9o nous entra\u00eene dans un cheminement au-dessus de la surface en mouvement d\u2019un oc\u00e9an de synth\u00e8se. Le d\u00e9placement reproduit sur cette \u00e9tendue est celui du champ de la cam\u00e9ra dans <em>La Corde<\/em> (Hitchcock, 1948) ; film tourn\u00e9 en un mouvement de cam\u00e9ra continu. La sc\u00e8ne reconstitu\u00e9e ici est celle o\u00f9 la cam\u00e9ra arpente soudain de fa\u00e7on autonome le d\u00e9cor de l\u2019appartement vide alors qu\u2019un personnage d\u00e9crit \u00e0 haute voix comment le meurtre \u2014\u00a0auquel personne n\u2019a assist\u00e9\u00a0\u2014 aurait pu \u00eatre commis dans ce lieu. La bande sonore utilise cette voix off, des sons provenant de ce d\u00e9cor, tels que des bruits de pas ou de portes, et la musique dramatique qui ouvre et ferme le film. Tout nous renvoie \u00e0 une histoire qui a lieu ailleurs, dans un autre espace-temps hors de port\u00e9e de notre regard. Nous sommes pris dans ce mouvement doublement abstrait, isol\u00e9 loin de son r\u00e9f\u00e9rent narratif, projet\u00e9 dans un environnement vierge de toute balise et propre \u00e0 accueillir ses al\u00e9as.<\/p>\n<p><em>Premise: \u2028<\/em>Cam\u00e9ra\u00a01, Plan\u00a08<em> (Camera 1, Shot 8) implements movement in both senses of the term. The video invites us on a journey above the surface of a synthetic ocean. The movement reproduced over this expanse is precisely that of the camera shot in Hitchcock\u2019s 1948 film Rope, a film done in one continuous shot. The scene reconstituted here is one when the camera suddenly seems to pan autonomously over the d\u00e9cor of the empty apartment while a person describes aloud how the murder\u00a0\u2013\u00a0which no one witnessed\u00a0\u2013\u00a0could have been committed here. The audio track uses this voice over, with sounds from the stage, such as footsteps and the sounds of doors, along with the dramatic soundtrack that begins and ends the film. All the elements evoke a story which took place elsewhere, in another space-time, beyond our gaze. We become involved in this doubly abstract movement, an isolation far from its narrative referent, projected into an environment devoid of any markers and suitable for accommodating such vagaries.<\/em><\/p>\n<p>Marion Tampon-Lajarriette<br \/>\nN\u00e9e en 1982 \u00e0 Paris, elle vit et travaille \u00e0 Gen\u00e8ve et \u00e0 Paris. Elle est dipl\u00f4m\u00e9e de l\u2019\u00c9cole nationale sup\u00e9rieure d\u2019Art, Villa Arson, Nice, de l\u2019\u00c9cole nationale des Beaux-Arts, Lyon et du postgrade Art et Nouveaux M\u00e9dias, Haute \u00e9cole d\u2019art et de design, Gen\u00e8ve. Depuis 2009, elle est assistante p\u00e9dagogique au Workmaster arts visuels de la HEAD-Gen\u00e8ve. Son travail consiste pour l\u2019essentiel en films et photographies qui souvent r\u00e9interpr\u00e8tent des oeuvres connues. Parmi ses expositions personnelles : Galerie Skopia, Gen\u00e8ve, 2007, 2009, 2012; Printemps de Septembre, Galerie Sollertis, Toulouse (commissariat de Christian Bernard), 2008; Galerie Sollertis, Barcelone, 2008; RDF Galerie, Nice, 2008; Mus\u00e9e d\u2019art moderne et contemporain, Gen\u00e8ve, 2009; Les Abattoirs, Mus\u00e9e d\u2019Art moderne et contemporain, Toulouse, 2009; Module 1, Palais de Tokyo, Paris (commissariat de Daria de Beauvais et Marc-Olivier Wahler), 2010; Galerie Dix9, Paris, 2010; Ch\u00e2teau de Cadillac (commissariat de Christian Caujolle), 2012; Centre d\u2019art La Chapelle Jeanne d\u2019Arc, Thouars, 2012; Mois de la Photo, Galerie Dix9, Paris, 2012. Elle participe \u00e0 de nombreuses expositions collectives en France et \u00e0 l\u2019\u00e9tranger. Ses \u0153uvres sont dans les collections du MAMCO, Gen\u00e8ve ; de la Maison europ\u00e9enne de la photographie, Paris ; de la Fran\u00e7ois Pinault Foundation; du NMNM, Monaco; de La Maison rouge, Paris ; de La Fabrique, Marseille.<\/p>\n<p><a href=\"http:\/\/www.mariontamponlajarriette.com\/\" target=\"_blank\" rel=\"noopener\">http:\/\/www.mariontamponlajarriette.com<\/a><\/p>\n","protected":false},"excerpt":{"rendered":"<p>Cam\u00e9ra 1, plan 8 Film vid\u00e9o, 2018 Vid\u00e9o-projecteur, lecteur, enceintes, 6 mn en boucle infinie Coproduction\u00a0: Printemps de Septembre \u00e0 Toulouse et Maison europ\u00e9enne de la photographie, Paris Remerciements\u00a0: Claudy Iannone Argument\u00a0: Cam\u00e9ra\u00a01, Plan\u00a08 op\u00e8re un d\u00e9placement, dans les deux sens du terme. La vid\u00e9o nous entra\u00eene dans un cheminement au-dessus de la surface en &hellip; <a href=\"https:\/\/www.rvdv.net\/leurslumieres\/page-d-exemple\/13-marion-tampon-lajarriette\/\" class=\"more-link\">Continuer la lecture de <span class=\"screen-reader-text\">13. Marion Tampon-Lajarriette<\/span><\/a><\/p>\n","protected":false},"author":2,"featured_media":0,"parent":2,"menu_order":0,"comment_status":"closed","ping_status":"closed","template":"","meta":{"footnotes":""},"class_list":["post-126","page","type-page","status-publish","hentry"],"_links":{"self":[{"href":"https:\/\/www.rvdv.net\/leurslumieres\/wp-json\/wp\/v2\/pages\/126","targetHints":{"allow":["GET"]}}],"collection":[{"href":"https:\/\/www.rvdv.net\/leurslumieres\/wp-json\/wp\/v2\/pages"}],"about":[{"href":"https:\/\/www.rvdv.net\/leurslumieres\/wp-json\/wp\/v2\/types\/page"}],"author":[{"embeddable":true,"href":"https:\/\/www.rvdv.net\/leurslumieres\/wp-json\/wp\/v2\/users\/2"}],"replies":[{"embeddable":true,"href":"https:\/\/www.rvdv.net\/leurslumieres\/wp-json\/wp\/v2\/comments?post=126"}],"version-history":[{"count":3,"href":"https:\/\/www.rvdv.net\/leurslumieres\/wp-json\/wp\/v2\/pages\/126\/revisions"}],"predecessor-version":[{"id":130,"href":"https:\/\/www.rvdv.net\/leurslumieres\/wp-json\/wp\/v2\/pages\/126\/revisions\/130"}],"up":[{"embeddable":true,"href":"https:\/\/www.rvdv.net\/leurslumieres\/wp-json\/wp\/v2\/pages\/2"}],"wp:attachment":[{"href":"https:\/\/www.rvdv.net\/leurslumieres\/wp-json\/wp\/v2\/media?parent=126"}],"curies":[{"name":"wp","href":"https:\/\/api.w.org\/{rel}","templated":true}]}}