{"id":23,"date":"2026-01-26T23:54:40","date_gmt":"2026-01-26T22:54:40","guid":{"rendered":"https:\/\/www.rvdv.net\/leurslumieres\/?page_id=23"},"modified":"2026-04-02T22:21:12","modified_gmt":"2026-04-02T20:21:12","slug":"generique","status":"publish","type":"page","link":"https:\/\/www.rvdv.net\/leurslumieres\/","title":{"rendered":"01. Exposition \u00ab leurs lumi\u00e8res \u00bb"},"content":{"rendered":"<p><img loading=\"lazy\" decoding=\"async\" class=\"alignnone size-full wp-image-348\" src=\"https:\/\/www.rvdv.net\/leurslumieres\/wp-content\/uploads\/sites\/9\/2026\/03\/leurs_lumieres-scaled.jpg\" alt=\"\" width=\"1804\" height=\"2560\" srcset=\"https:\/\/www.rvdv.net\/leurslumieres\/wp-content\/uploads\/sites\/9\/2026\/03\/leurs_lumieres-scaled.jpg 1804w, https:\/\/www.rvdv.net\/leurslumieres\/wp-content\/uploads\/sites\/9\/2026\/03\/leurs_lumieres-211x300.jpg 211w, https:\/\/www.rvdv.net\/leurslumieres\/wp-content\/uploads\/sites\/9\/2026\/03\/leurs_lumieres-722x1024.jpg 722w, https:\/\/www.rvdv.net\/leurslumieres\/wp-content\/uploads\/sites\/9\/2026\/03\/leurs_lumieres-768x1090.jpg 768w, https:\/\/www.rvdv.net\/leurslumieres\/wp-content\/uploads\/sites\/9\/2026\/03\/leurs_lumieres-1082x1536.jpg 1082w, https:\/\/www.rvdv.net\/leurslumieres\/wp-content\/uploads\/sites\/9\/2026\/03\/leurs_lumieres-1443x2048.jpg 1443w\" sizes=\"auto, (max-width: 1804px) 100vw, 1804px\" \/><\/p>\n<p><strong>G\u00c9N\u00c9RIQUE<\/strong><\/p>\n<p>Abbaye de Saint-Riquier \u2013 Baie de Somme,<br \/>\ndu 13 octobre au 16 d\u00e9cembre 2012<br \/>\nR\u00e9alis\u00e9e par<br \/>\nle Centre Culturel de Rencontre de l\u2019Abbaye de Saint-Riquier \u2013 Baie de Somme<br \/>\nen coop\u00e9ration avec<br \/>\nle laboratoire Arts des images et art contemporain de l\u2019Universit\u00e9 Paris 8 Vincennes-Saint-Denis<br \/>\net EnsadLab, laboratoire de recherche de l\u2019\u00c9cole nationale sup\u00e9rieure des Arts D\u00e9coratifs<\/p>\n<p><strong>Artistes et \u0153uvres :<\/strong><br \/>\n1. Jakob Gautel &amp; Jason Kara\u00efndros, <em>D\u00e9tecteur d\u2019anges<\/em><br \/>\n2. Julie Morel, <em>Light my Fire<\/em><br \/>\n3. Mayumi Okura, <em>La Petite Fille aux allumettes<\/em><br \/>\n4. Marion Tampon-Lajarriette, <em>Cam\u00e9ra 1, Plan 8<\/em><br \/>\n5. Donald Abad, <em>S\u2019abstraire<\/em><br \/>\n6. Tomek Jarolim, <em>Fermer les yeux<\/em><br \/>\n7. F\u00e9licie d\u2019Estienne d\u2019Orves, <em>\u00c9clipse II (s\u00e9rie Cosmos)<\/em><br \/>\n8. Micha\u00ebl Sellam, <em>Blind Test<\/em><br \/>\n9. Marie-Julie Bourgeois, <em>Parall\u00e8les<\/em><br \/>\n10. EMeRI, <em>Lumi\u00e8res de Rousseau<\/em><\/p>\n<p><strong>Production :<\/strong><br \/>\nCentre Culturel de Rencontre de l\u2019Abbaye de<br \/>\nSaint-Riquier \u2013 Baie de Somme\/Conseil g\u00e9n\u00e9ral de la Somme<br \/>\nAnne Poti\u00e9, directrice<br \/>\nassist\u00e9e de L\u00e9na Houssin et de St\u00e9phane Boile,<br \/>\navec le concours de Patrice Alderweireld,<br \/>\nChristelle Bal\u00e9dent, Caroline Baudel,<br \/>\nDominique Boulanger, Pascal Bulot,<br \/>\nChristine Cou\u00e9don, Fabienne Gricourt,<br \/>\n\u00c9milie Lefevre, Roland Roll\u00e9, \u00c9ric Savalle,<br \/>\nPaul Sellier, St\u00e9phane Tison, G\u00e9rard Vasseur<br \/>\n<a href=\"http:\/\/www.ednm.fr\/leurslumieres\/www.ccr-abbaye-saint-riquier.fr\" target=\"_blank\" rel=\"noopener\">www.ccr-abbaye-saint-riquier.fr<\/a><\/p>\n<p>Universit\u00e9 Paris 8 Vincennes-Saint-Denis<br \/>\nDanielle Tartakowski, pr\u00e9sidente,<br \/>\nFran\u00e7ois Soulages, directeur du laboratoire Arts des images et art contemporain (EA-4010)<br \/>\nManuela De Barros, directrice du d\u00e9partementnArts plastiques<br \/>\n<a href=\"http:\/\/www.univ-paris8.fr\/\" target=\"_blank\" rel=\"noopener\">http:\/\/www.univ-paris8.fr<\/a><br \/>\n<a href=\"http:\/\/www.ai-ac.fr\/\" target=\"_blank\" rel=\"noopener\">http:\/\/www.ai-ac.fr<\/a><\/p>\n<p>\u00c9cole nationale sup\u00e9rieure des Arts D\u00e9coratifs<br \/>\nGenevi\u00e8ve Gallot, directrice<br \/>\nJean-Fran\u00e7ois Depelsenaire, Emmanuel Mah\u00e9,<br \/>\ndirecteurs d\u2019EnsadLab, laboratoire de recherche de l\u2019\u00c9cole nationale sup\u00e9rieure des Arts D\u00e9coratifs<br \/>\nSamuel Bianchini, responsable du programme Dispositifs interactifs et performatifs d\u2019EnsadLab<br \/>\n<a href=\"http:\/\/www.ensad.fr\/\" target=\"_blank\" rel=\"noopener\">http:\/\/www.ensad.fr<\/a><\/p>\n<p><strong>Commissariat et sc\u00e9nographie :<\/strong><br \/>\nJean-Louis Boissier assist\u00e9 de Dominique Cunin<br \/>\nSignal\u00e9tique : Ho-Sook Kang<\/p>\n<p><strong>Catalogue :<\/strong><br \/>\nR\u00e9daction : Jean-Louis Boissier<br \/>\nTraduction : Aviva Cashmira Kakar<br \/>\nGraphisme : Ho-Sook Kang<br \/>\nImage de couverture : F\u00e9licie d\u2019Estienne d\u2019Orves<br \/>\n\u00c9dition : Conseil g\u00e9n\u00e9ral\/<br \/>\nCentre Culturel de Rencontre de<br \/>\nl\u2019Abbaye de Saint-Riquier \u2013 Baie de Somme<br \/>\nPlace de l\u2019\u00c9glise \/ 80135 Saint-Riquier<br \/>\nT\u00e9l. : 03 22 71 82 20<br \/>\nabbaye.saint-riquier@somme.fr<br \/>\navec le concours de<br \/>\nl\u2019Universit\u00e9 Paris 8 Vincennes-Saint-Denis<br \/>\n2 rue de la Libert\u00e9 \/ 93526 Saint-Denis cedex<\/p>\n<p><strong>M\u00e9diation culturelle :<\/strong><br \/>\nLaura Puech pour le Centre Culturel de Rencontre<br \/>\nMiki Okubo pour EnsadLab et l\u2019Universit\u00e9 Paris 8<\/p>\n<p>Avec le soutien de l\u2019\u00c9tat, Direction r\u00e9gionale des affaires culturelles de Picardie (DRAC)<\/p>\n<p><strong>Communication :<\/strong><br \/>\nAgence de communication Heymann, Renoult Associ\u00e9es<br \/>\n\u00c9ric Jacquy, charg\u00e9 de mission, Conseil g\u00e9n\u00e9ral<\/p>\n<p><strong>Site Internet :<br \/>\n<\/strong>Direction \u00e9ditoriale : Liliane Terrier<br \/>\nH\u00e9bergement initial : laboratoire Esth\u00e9tique des nouveaux m\u00e9dias, Universit\u00e9 Paris 8, 2012<br \/>\nTransfert sur\u00a0rdv.net en 2026<\/p>\n","protected":false},"excerpt":{"rendered":"<p>G\u00c9N\u00c9RIQUE Abbaye de Saint-Riquier \u2013 Baie de Somme, du 13 octobre au 16 d\u00e9cembre 2012 R\u00e9alis\u00e9e par le Centre Culturel de Rencontre de l\u2019Abbaye de Saint-Riquier \u2013 Baie de Somme en coop\u00e9ration avec le laboratoire Arts des images et art contemporain de l\u2019Universit\u00e9 Paris 8 Vincennes-Saint-Denis et EnsadLab, laboratoire de recherche de l\u2019\u00c9cole nationale sup\u00e9rieure &hellip; <a href=\"https:\/\/www.rvdv.net\/leurslumieres\/\" class=\"more-link\">Continuer la lecture de <span class=\"screen-reader-text\">01. Exposition \u00ab leurs lumi\u00e8res \u00bb<\/span><\/a><\/p>\n","protected":false},"author":2,"featured_media":0,"parent":2,"menu_order":2,"comment_status":"closed","ping_status":"closed","template":"","meta":{"footnotes":""},"class_list":["post-23","page","type-page","status-publish","hentry"],"_links":{"self":[{"href":"https:\/\/www.rvdv.net\/leurslumieres\/wp-json\/wp\/v2\/pages\/23","targetHints":{"allow":["GET"]}}],"collection":[{"href":"https:\/\/www.rvdv.net\/leurslumieres\/wp-json\/wp\/v2\/pages"}],"about":[{"href":"https:\/\/www.rvdv.net\/leurslumieres\/wp-json\/wp\/v2\/types\/page"}],"author":[{"embeddable":true,"href":"https:\/\/www.rvdv.net\/leurslumieres\/wp-json\/wp\/v2\/users\/2"}],"replies":[{"embeddable":true,"href":"https:\/\/www.rvdv.net\/leurslumieres\/wp-json\/wp\/v2\/comments?post=23"}],"version-history":[{"count":20,"href":"https:\/\/www.rvdv.net\/leurslumieres\/wp-json\/wp\/v2\/pages\/23\/revisions"}],"predecessor-version":[{"id":575,"href":"https:\/\/www.rvdv.net\/leurslumieres\/wp-json\/wp\/v2\/pages\/23\/revisions\/575"}],"up":[{"embeddable":true,"href":"https:\/\/www.rvdv.net\/leurslumieres\/wp-json\/wp\/v2\/pages\/2"}],"wp:attachment":[{"href":"https:\/\/www.rvdv.net\/leurslumieres\/wp-json\/wp\/v2\/media?parent=23"}],"curies":[{"name":"wp","href":"https:\/\/api.w.org\/{rel}","templated":true}]}}