{"id":469,"date":"2026-04-01T14:57:13","date_gmt":"2026-04-01T12:57:13","guid":{"rendered":"https:\/\/www.rvdv.net\/leurslumieres\/?page_id=469"},"modified":"2026-04-01T14:59:09","modified_gmt":"2026-04-01T12:59:09","slug":"28-2","status":"publish","type":"page","link":"https:\/\/www.rvdv.net\/leurslumieres\/page-d-exemple\/28-2\/","title":{"rendered":"28. Jean-Luc Godard. Camera-Eye (1967)"},"content":{"rendered":"<p><em>Loin du Vietnam<\/em>, film collectif d\u2019un groupe de cin\u00e9astes (Joris Ivens, William Klein, Claude Lelouch, Chris Marker, Alain Resnais, Agn\u00e8s Varda, Jean-Luc Godard) qui d\u00e9cidaient d\u2019affirmer leur soutien au peuple vietnamien en lutte contre les USA,\u00a0 pour provoquer une prise de conscience de l\u2019opinion publique fran\u00e7aise.<\/p>\n<p>Le but n\u2019\u00e9tant pas de r\u00e9aliser un documentaire sur le Vietnam, mais d\u2019ouvrir une r\u00e9flexion sur cette guerre imp\u00e9rialiste, chacun r\u00e9alise individuellement une partie comme autant de points de vue, rassembl\u00e9es (mont\u00e9es) par Chris Marker pour un expos\u00e9 collectif sur ce conflit.<\/p>\n<p>Le film mobilisa six r\u00e9alisateurs, sept reporters et cent-cinquante collaborateurs divers qui travaill\u00e8rent tous b\u00e9n\u00e9volement et ne souhait\u00e8rent pas signer individuellement les images ou les textes fournis \u00e0 l\u2019\u0153uvre collective. On trouve dans le film des documents sur la guerre elle-m\u00eame, des t\u00e9moignages et des interviews. Le style reportage, tr\u00e8s affectif (Joris Ivens) alterne avec des \u00e9pisodes plus distanci\u00e9s, provoquant questions et r\u00e9flexions, de port\u00e9e plus intellectuelle (Jean-Luc Godard).<\/p>\n<p>Il fut pr\u00e9sent\u00e9 aux festivals de Montr\u00e9al et de New York, puis en avant-premi\u00e8re \u00e0 Besan\u00e7on. Sorti sur les \u00e9crans parisiens en d\u00e9cembre 1967, il n\u2019eut pas l\u2019impact d\u00e9sir\u00e9. Son aspect factuel \u2014 construction \u00e9clat\u00e9e, aspect saccad\u00e9, \u00e9ternel balancement entre reportage et r\u00e9flexion \u2014 d\u00e9routa un grand nombre de spectateurs. Plus grave: \u00e9labor\u00e9 dans l\u2019euphorie quelques mois plus t\u00f4t, le film semblait arriver trop tard. En six mois, la quasi-unanimit\u00e9 s\u2019\u00e9tait faite autour de la condamnation du g\u00e9nocide des Vietnamiens.<\/p>\n<p><a href=\"http:\/\/www.cineclubdecaen.com\/realisat\/filmcollectif\/loinduvietnam.htm\" target=\"_blank\" rel=\"noopener\">http:\/\/www.cineclubdecaen.com\/realisat\/filmcollectif\/loinduvietnam.htm<\/a><\/p>\n","protected":false},"excerpt":{"rendered":"<p>Loin du Vietnam, film collectif d\u2019un groupe de cin\u00e9astes (Joris Ivens, William Klein, Claude Lelouch, Chris Marker, Alain Resnais, Agn\u00e8s Varda, Jean-Luc Godard) qui d\u00e9cidaient d\u2019affirmer leur soutien au peuple vietnamien en lutte contre les USA,\u00a0 pour provoquer une prise de conscience de l\u2019opinion publique fran\u00e7aise. Le but n\u2019\u00e9tant pas de r\u00e9aliser un documentaire sur &hellip; <a href=\"https:\/\/www.rvdv.net\/leurslumieres\/page-d-exemple\/28-2\/\" class=\"more-link\">Continuer la lecture de <span class=\"screen-reader-text\">28. Jean-Luc Godard. Camera-Eye (1967)<\/span><\/a><\/p>\n","protected":false},"author":2,"featured_media":0,"parent":2,"menu_order":0,"comment_status":"closed","ping_status":"closed","template":"","meta":{"footnotes":""},"class_list":["post-469","page","type-page","status-publish","hentry"],"_links":{"self":[{"href":"https:\/\/www.rvdv.net\/leurslumieres\/wp-json\/wp\/v2\/pages\/469","targetHints":{"allow":["GET"]}}],"collection":[{"href":"https:\/\/www.rvdv.net\/leurslumieres\/wp-json\/wp\/v2\/pages"}],"about":[{"href":"https:\/\/www.rvdv.net\/leurslumieres\/wp-json\/wp\/v2\/types\/page"}],"author":[{"embeddable":true,"href":"https:\/\/www.rvdv.net\/leurslumieres\/wp-json\/wp\/v2\/users\/2"}],"replies":[{"embeddable":true,"href":"https:\/\/www.rvdv.net\/leurslumieres\/wp-json\/wp\/v2\/comments?post=469"}],"version-history":[{"count":4,"href":"https:\/\/www.rvdv.net\/leurslumieres\/wp-json\/wp\/v2\/pages\/469\/revisions"}],"predecessor-version":[{"id":473,"href":"https:\/\/www.rvdv.net\/leurslumieres\/wp-json\/wp\/v2\/pages\/469\/revisions\/473"}],"up":[{"embeddable":true,"href":"https:\/\/www.rvdv.net\/leurslumieres\/wp-json\/wp\/v2\/pages\/2"}],"wp:attachment":[{"href":"https:\/\/www.rvdv.net\/leurslumieres\/wp-json\/wp\/v2\/media?parent=469"}],"curies":[{"name":"wp","href":"https:\/\/api.w.org\/{rel}","templated":true}]}}