{"id":53,"date":"2026-03-30T17:39:20","date_gmt":"2026-03-30T15:39:20","guid":{"rendered":"https:\/\/www.rvdv.net\/leurslumieres\/?page_id=53"},"modified":"2026-03-30T18:08:01","modified_gmt":"2026-03-30T16:08:01","slug":"04-scenographie","status":"publish","type":"page","link":"https:\/\/www.rvdv.net\/leurslumieres\/page-d-exemple\/04-scenographie\/","title":{"rendered":"04. Sc\u00e9nographie"},"content":{"rendered":"<p><img loading=\"lazy\" decoding=\"async\" class=\"alignnone wp-image-60 size-full\" src=\"https:\/\/www.rvdv.net\/leurslumieres\/wp-content\/uploads\/sites\/9\/2026\/03\/LL-plan-catalogue-numeros.jpg\" alt=\"\" width=\"171\" height=\"746\" srcset=\"https:\/\/www.rvdv.net\/leurslumieres\/wp-content\/uploads\/sites\/9\/2026\/03\/LL-plan-catalogue-numeros.jpg 171w, https:\/\/www.rvdv.net\/leurslumieres\/wp-content\/uploads\/sites\/9\/2026\/03\/LL-plan-catalogue-numeros-69x300.jpg 69w\" sizes=\"auto, (max-width: 171px) 100vw, 171px\" \/><\/p>\n<p>1.<br \/>\nJakob Gautel et Jason Kara\u00efndros<br \/>\n<em>D\u00e9tecteur d\u2019anges<\/em><br \/>\nSculpture de lumi\u00e8re interactive, 1992-1995<\/p>\n<p>2.<br \/>\nJulie Morel<br \/>\n<em>Light my Fire<\/em><br \/>\nInstallation, 2011-2012<\/p>\n<p>3.<br \/>\nMayumi Okura<br \/>\n<em>La Petite Fille aux allumettes<\/em><br \/>\nInstallation interactive, 2007-2012<\/p>\n<p>4.<br \/>\nMarion Tampon-Lajarriette<br \/>\n<em>Cam\u00e9ra 1, plan 8<\/em><br \/>\nFilm vid\u00e9o, 2018<\/p>\n<p>5.<br \/>\nDonald Abad<br \/>\n<em>S\u2019abstraire<\/em><br \/>\nPerformance, film vid\u00e9o,\u00a0 2011<\/p>\n<p>6.<br \/>\nTomek Jarolim<br \/>\n<em>Fermer les yeux<\/em><br \/>\nInstallation lumi\u00e8re interactive, 2012<\/p>\n<p>7.<br \/>\nF\u00e9licie d\u2019Estienne d\u2019Orves<br \/>\n<em>\u00c9clipse II (s\u00e9rie Cosmos)<\/em><br \/>\nVid\u00e9o-sculpture, 2012<\/p>\n<p>8.<br \/>\nMichael Sellam<br \/>\n<em>Blind Test<\/em><br \/>\nSculpture, 2009<\/p>\n<p>9.<br \/>\nMarie-Julie Bourgeois<br \/>\n<em>Parall\u00e8les<\/em><br \/>\nEnvironnement interactif, 2010-2012<\/p>\n<p>10<br \/>\nEMeRI (\u00c9crans mobiles et r\u00e9cit interactif, programme de recherche d\u2019EnsadLab)<br \/>\n<em>Lumi\u00e8res de Rousseau<\/em><br \/>\nDispositif relationnel, 2012<\/p>\n<p>Le d\u00e9coupage de la salle, les cimaises, viennent de l\u2019exposition pr\u00e9c\u00e9dente, <em>Alfred Mannessier. Du tragique \u00e0 la lumi\u00e8re<\/em>. Le principe de \u00ab leurs lumi\u00e8res \u00bb est de se glisser dans cet espace, pour des raisons de temps, d\u2019\u00e9conomie, mais aussi de m\u00e9thode : on peut toujours trouver \u00e0 habiter un lieu avec des \u0153uvres contemporaines. Autrement dit, l\u2019exposition a \u00e9t\u00e9 con\u00e7ue, pour une part, \u00e0 partir de ces contraintes, \u00e0 commencer par le nombre. Dix espaces, donc dix pi\u00e8ces. JLB<\/p>\n<p><a href=\"https:\/\/www.rvdv.net\/leurslumieres\/wp-content\/uploads\/sites\/9\/2026\/03\/st-riquier-4-oct-banc.jpg\" data-rel=\"lightbox-image-0\" data-rl_title=\"\" data-rl_caption=\"\" title=\"\"><img loading=\"lazy\" decoding=\"async\" class=\"alignnone size-full wp-image-55\" src=\"https:\/\/www.rvdv.net\/leurslumieres\/wp-content\/uploads\/sites\/9\/2026\/03\/st-riquier-4-oct-banc.jpg\" alt=\"\" width=\"1600\" height=\"1200\" srcset=\"https:\/\/www.rvdv.net\/leurslumieres\/wp-content\/uploads\/sites\/9\/2026\/03\/st-riquier-4-oct-banc.jpg 1600w, https:\/\/www.rvdv.net\/leurslumieres\/wp-content\/uploads\/sites\/9\/2026\/03\/st-riquier-4-oct-banc-300x225.jpg 300w, https:\/\/www.rvdv.net\/leurslumieres\/wp-content\/uploads\/sites\/9\/2026\/03\/st-riquier-4-oct-banc-1024x768.jpg 1024w, https:\/\/www.rvdv.net\/leurslumieres\/wp-content\/uploads\/sites\/9\/2026\/03\/st-riquier-4-oct-banc-768x576.jpg 768w, https:\/\/www.rvdv.net\/leurslumieres\/wp-content\/uploads\/sites\/9\/2026\/03\/st-riquier-4-oct-banc-1536x1152.jpg 1536w\" sizes=\"auto, (max-width: 1600px) 100vw, 1600px\" \/><\/a><\/p>\n<p>Jeudi 4 octobre 2012, 16h30. Certains \u00e9l\u00e9ments de la sc\u00e9nographie pour \u00ab leurs lumi\u00e8res \u00bb sont peints en bleu vid\u00e9o.<\/p>\n<p><a href=\"https:\/\/www.rvdv.net\/leurslumieres\/wp-content\/uploads\/sites\/9\/2026\/03\/LL-panneau-generique-1600.jpg\" data-rel=\"lightbox-image-1\" data-rl_title=\"\" data-rl_caption=\"\" title=\"\"><img loading=\"lazy\" decoding=\"async\" class=\"alignnone size-full wp-image-56\" src=\"https:\/\/www.rvdv.net\/leurslumieres\/wp-content\/uploads\/sites\/9\/2026\/03\/LL-panneau-generique-1600.jpg\" alt=\"\" width=\"1600\" height=\"1200\" srcset=\"https:\/\/www.rvdv.net\/leurslumieres\/wp-content\/uploads\/sites\/9\/2026\/03\/LL-panneau-generique-1600.jpg 1600w, https:\/\/www.rvdv.net\/leurslumieres\/wp-content\/uploads\/sites\/9\/2026\/03\/LL-panneau-generique-1600-300x225.jpg 300w, https:\/\/www.rvdv.net\/leurslumieres\/wp-content\/uploads\/sites\/9\/2026\/03\/LL-panneau-generique-1600-1024x768.jpg 1024w, https:\/\/www.rvdv.net\/leurslumieres\/wp-content\/uploads\/sites\/9\/2026\/03\/LL-panneau-generique-1600-768x576.jpg 768w, https:\/\/www.rvdv.net\/leurslumieres\/wp-content\/uploads\/sites\/9\/2026\/03\/LL-panneau-generique-1600-1536x1152.jpg 1536w\" sizes=\"auto, (max-width: 1600px) 100vw, 1600px\" \/><\/a><\/p>\n<p>Le panneau g\u00e9n\u00e9rique \u00e0 l\u2019entr\u00e9e des salles.<\/p>\n<p><a href=\"https:\/\/www.rvdv.net\/leurslumieres\/wp-content\/uploads\/sites\/9\/2026\/03\/LL-projections-mtl-da-1600.jpg\" data-rel=\"lightbox-image-2\" data-rl_title=\"\" data-rl_caption=\"\" title=\"\"><img loading=\"lazy\" decoding=\"async\" class=\"alignnone size-full wp-image-57\" src=\"https:\/\/www.rvdv.net\/leurslumieres\/wp-content\/uploads\/sites\/9\/2026\/03\/LL-projections-mtl-da-1600.jpg\" alt=\"\" width=\"1600\" height=\"1200\" srcset=\"https:\/\/www.rvdv.net\/leurslumieres\/wp-content\/uploads\/sites\/9\/2026\/03\/LL-projections-mtl-da-1600.jpg 1600w, https:\/\/www.rvdv.net\/leurslumieres\/wp-content\/uploads\/sites\/9\/2026\/03\/LL-projections-mtl-da-1600-300x225.jpg 300w, https:\/\/www.rvdv.net\/leurslumieres\/wp-content\/uploads\/sites\/9\/2026\/03\/LL-projections-mtl-da-1600-1024x768.jpg 1024w, https:\/\/www.rvdv.net\/leurslumieres\/wp-content\/uploads\/sites\/9\/2026\/03\/LL-projections-mtl-da-1600-768x576.jpg 768w, https:\/\/www.rvdv.net\/leurslumieres\/wp-content\/uploads\/sites\/9\/2026\/03\/LL-projections-mtl-da-1600-1536x1152.jpg 1536w\" sizes=\"auto, (max-width: 1600px) 100vw, 1600px\" \/><\/a><\/p>\n<p>Les deux films vid\u00e9os disposent de deux salles sym\u00e9triques avec des bancs et des chaises.<\/p>\n<p><a href=\"https:\/\/www.rvdv.net\/leurslumieres\/wp-content\/uploads\/sites\/9\/2026\/03\/leurs-lumieres-gautel-karaindros.jpg\" data-rel=\"lightbox-image-3\" data-rl_title=\"\" data-rl_caption=\"\" title=\"\"><img loading=\"lazy\" decoding=\"async\" class=\"alignnone size-full wp-image-58\" src=\"https:\/\/www.rvdv.net\/leurslumieres\/wp-content\/uploads\/sites\/9\/2026\/03\/leurs-lumieres-gautel-karaindros.jpg\" alt=\"\" width=\"1600\" height=\"1200\" srcset=\"https:\/\/www.rvdv.net\/leurslumieres\/wp-content\/uploads\/sites\/9\/2026\/03\/leurs-lumieres-gautel-karaindros.jpg 1600w, https:\/\/www.rvdv.net\/leurslumieres\/wp-content\/uploads\/sites\/9\/2026\/03\/leurs-lumieres-gautel-karaindros-300x225.jpg 300w, https:\/\/www.rvdv.net\/leurslumieres\/wp-content\/uploads\/sites\/9\/2026\/03\/leurs-lumieres-gautel-karaindros-1024x768.jpg 1024w, https:\/\/www.rvdv.net\/leurslumieres\/wp-content\/uploads\/sites\/9\/2026\/03\/leurs-lumieres-gautel-karaindros-768x576.jpg 768w, https:\/\/www.rvdv.net\/leurslumieres\/wp-content\/uploads\/sites\/9\/2026\/03\/leurs-lumieres-gautel-karaindros-1536x1152.jpg 1536w\" sizes=\"auto, (max-width: 1600px) 100vw, 1600px\" \/><\/a><\/p>\n<p>Dans la biblioth\u00e8que, Jakob Gautel et Jason Kara\u00efndros, <em>D\u00e9tecteur d\u2019anges.<\/em><\/p>\n","protected":false},"excerpt":{"rendered":"<p>1. Jakob Gautel et Jason Kara\u00efndros D\u00e9tecteur d\u2019anges Sculpture de lumi\u00e8re interactive, 1992-1995 2. Julie Morel Light my Fire Installation, 2011-2012 3. Mayumi Okura La Petite Fille aux allumettes Installation interactive, 2007-2012 4. Marion Tampon-Lajarriette Cam\u00e9ra 1, plan 8 Film vid\u00e9o, 2018 5. Donald Abad S\u2019abstraire Performance, film vid\u00e9o,\u00a0 2011 6. Tomek Jarolim Fermer les &hellip; <a href=\"https:\/\/www.rvdv.net\/leurslumieres\/page-d-exemple\/04-scenographie\/\" class=\"more-link\">Continuer la lecture de <span class=\"screen-reader-text\">04. Sc\u00e9nographie<\/span><\/a><\/p>\n","protected":false},"author":2,"featured_media":0,"parent":2,"menu_order":0,"comment_status":"closed","ping_status":"closed","template":"","meta":{"footnotes":""},"class_list":["post-53","page","type-page","status-publish","hentry"],"_links":{"self":[{"href":"https:\/\/www.rvdv.net\/leurslumieres\/wp-json\/wp\/v2\/pages\/53","targetHints":{"allow":["GET"]}}],"collection":[{"href":"https:\/\/www.rvdv.net\/leurslumieres\/wp-json\/wp\/v2\/pages"}],"about":[{"href":"https:\/\/www.rvdv.net\/leurslumieres\/wp-json\/wp\/v2\/types\/page"}],"author":[{"embeddable":true,"href":"https:\/\/www.rvdv.net\/leurslumieres\/wp-json\/wp\/v2\/users\/2"}],"replies":[{"embeddable":true,"href":"https:\/\/www.rvdv.net\/leurslumieres\/wp-json\/wp\/v2\/comments?post=53"}],"version-history":[{"count":11,"href":"https:\/\/www.rvdv.net\/leurslumieres\/wp-json\/wp\/v2\/pages\/53\/revisions"}],"predecessor-version":[{"id":105,"href":"https:\/\/www.rvdv.net\/leurslumieres\/wp-json\/wp\/v2\/pages\/53\/revisions\/105"}],"up":[{"embeddable":true,"href":"https:\/\/www.rvdv.net\/leurslumieres\/wp-json\/wp\/v2\/pages\/2"}],"wp:attachment":[{"href":"https:\/\/www.rvdv.net\/leurslumieres\/wp-json\/wp\/v2\/media?parent=53"}],"curies":[{"name":"wp","href":"https:\/\/api.w.org\/{rel}","templated":true}]}}