{"id":532,"date":"2026-04-02T21:49:07","date_gmt":"2026-04-02T19:49:07","guid":{"rendered":"https:\/\/www.rvdv.net\/leurslumieres\/?page_id=532"},"modified":"2026-04-02T22:20:21","modified_gmt":"2026-04-02T20:20:21","slug":"32-dautres-images","status":"publish","type":"page","link":"https:\/\/www.rvdv.net\/leurslumieres\/page-d-exemple\/32-dautres-images\/","title":{"rendered":"32. D&rsquo;autres images"},"content":{"rendered":"<p><img loading=\"lazy\" decoding=\"async\" class=\"size-full wp-image-548\" src=\"https:\/\/www.rvdv.net\/leurslumieres\/wp-content\/uploads\/sites\/9\/2026\/04\/eat_indiana-1.jpg\" alt=\"\" width=\"1024\" height=\"768\" srcset=\"https:\/\/www.rvdv.net\/leurslumieres\/wp-content\/uploads\/sites\/9\/2026\/04\/eat_indiana-1.jpg 1024w, https:\/\/www.rvdv.net\/leurslumieres\/wp-content\/uploads\/sites\/9\/2026\/04\/eat_indiana-1-300x225.jpg 300w, https:\/\/www.rvdv.net\/leurslumieres\/wp-content\/uploads\/sites\/9\/2026\/04\/eat_indiana-1-768x576.jpg 768w\" sizes=\"auto, (max-width: 1024px) 100vw, 1024px\" \/><\/p>\n<p>Robert Indiana, The Electric Eat, 1964-2007 (con\u00e7ue en 1964, ex\u00e9cut\u00e9e en 2007), aluminium polychrome et lampes, 198\u00d7198 cm, copie n\u00b03 d\u2019une \u00e9dition de 5 (plus 2 \u00e9preuves d\u2019artiste). Waddington Galleries, Londres.<\/p>\n<p><img loading=\"lazy\" decoding=\"async\" class=\"alignnone size-full wp-image-533\" src=\"https:\/\/www.rvdv.net\/leurslumieres\/wp-content\/uploads\/sites\/9\/2026\/04\/vitre-gaz-schlesinger.jpg\" alt=\"\" width=\"1024\" height=\"768\" srcset=\"https:\/\/www.rvdv.net\/leurslumieres\/wp-content\/uploads\/sites\/9\/2026\/04\/vitre-gaz-schlesinger.jpg 1024w, https:\/\/www.rvdv.net\/leurslumieres\/wp-content\/uploads\/sites\/9\/2026\/04\/vitre-gaz-schlesinger-300x225.jpg 300w, https:\/\/www.rvdv.net\/leurslumieres\/wp-content\/uploads\/sites\/9\/2026\/04\/vitre-gaz-schlesinger-768x576.jpg 768w\" sizes=\"auto, (max-width: 1024px) 100vw, 1024px\" \/><\/p>\n<p>Avril 2012, galerie Yvon Lambert, rue Vieille du Temple, Paris, 3e. Ariel Schlesinger, Braunshweig Door, 2012<\/p>\n<p><img loading=\"lazy\" decoding=\"async\" class=\"size-full wp-image-534\" src=\"https:\/\/www.rvdv.net\/leurslumieres\/wp-content\/uploads\/sites\/9\/2026\/04\/ampoules-sarkis.jpg\" alt=\"\" width=\"1024\" height=\"768\" srcset=\"https:\/\/www.rvdv.net\/leurslumieres\/wp-content\/uploads\/sites\/9\/2026\/04\/ampoules-sarkis.jpg 1024w, https:\/\/www.rvdv.net\/leurslumieres\/wp-content\/uploads\/sites\/9\/2026\/04\/ampoules-sarkis-300x225.jpg 300w, https:\/\/www.rvdv.net\/leurslumieres\/wp-content\/uploads\/sites\/9\/2026\/04\/ampoules-sarkis-768x576.jpg 768w\" sizes=\"auto, (max-width: 1024px) 100vw, 1024px\" \/><\/p>\n<p>Sarkis, <em>Pour la voix<\/em>, 1978, 13 ampoules sur lesquelles sont dessin\u00e9s des pictogrammes reproduisant des motifs cr\u00e9\u00e9s par Lissitzky pour les po\u00e8mes de Ma\u00efakovski Pour la voix (1923). Mamco, Gen\u00e8ve, avril 2011<\/p>\n<p><img loading=\"lazy\" decoding=\"async\" class=\"size-full wp-image-535\" src=\"https:\/\/www.rvdv.net\/leurslumieres\/wp-content\/uploads\/sites\/9\/2026\/04\/buren-diodes.jpg\" alt=\"\" width=\"1024\" height=\"768\" srcset=\"https:\/\/www.rvdv.net\/leurslumieres\/wp-content\/uploads\/sites\/9\/2026\/04\/buren-diodes.jpg 1024w, https:\/\/www.rvdv.net\/leurslumieres\/wp-content\/uploads\/sites\/9\/2026\/04\/buren-diodes-300x225.jpg 300w, https:\/\/www.rvdv.net\/leurslumieres\/wp-content\/uploads\/sites\/9\/2026\/04\/buren-diodes-768x576.jpg 768w\" sizes=\"auto, (max-width: 1024px) 100vw, 1024px\" \/><\/p>\n<p>Daniel Buren, Janvier 2010, Palais Royal, Paris<\/p>\n<p><img loading=\"lazy\" decoding=\"async\" class=\"size-full wp-image-539\" src=\"https:\/\/www.rvdv.net\/leurslumieres\/wp-content\/uploads\/sites\/9\/2026\/04\/vert-rouge-buren.jpg\" alt=\"\" width=\"1024\" height=\"768\" srcset=\"https:\/\/www.rvdv.net\/leurslumieres\/wp-content\/uploads\/sites\/9\/2026\/04\/vert-rouge-buren.jpg 1024w, https:\/\/www.rvdv.net\/leurslumieres\/wp-content\/uploads\/sites\/9\/2026\/04\/vert-rouge-buren-300x225.jpg 300w, https:\/\/www.rvdv.net\/leurslumieres\/wp-content\/uploads\/sites\/9\/2026\/04\/vert-rouge-buren-768x576.jpg 768w\" sizes=\"auto, (max-width: 1024px) 100vw, 1024px\" \/><\/p>\n<p>Daniel Buren, Janvier 2010, Palais Royal, Paris<\/p>\n<p><img loading=\"lazy\" decoding=\"async\" class=\"alignnone size-full wp-image-536\" src=\"https:\/\/www.rvdv.net\/leurslumieres\/wp-content\/uploads\/sites\/9\/2026\/04\/kanazawa_turrell_03.jpg\" alt=\"\" width=\"1024\" height=\"768\" srcset=\"https:\/\/www.rvdv.net\/leurslumieres\/wp-content\/uploads\/sites\/9\/2026\/04\/kanazawa_turrell_03.jpg 1024w, https:\/\/www.rvdv.net\/leurslumieres\/wp-content\/uploads\/sites\/9\/2026\/04\/kanazawa_turrell_03-300x225.jpg 300w, https:\/\/www.rvdv.net\/leurslumieres\/wp-content\/uploads\/sites\/9\/2026\/04\/kanazawa_turrell_03-768x576.jpg 768w\" sizes=\"auto, (max-width: 1024px) 100vw, 1024px\" \/><\/p>\n<p><img loading=\"lazy\" decoding=\"async\" class=\"alignnone size-full wp-image-537\" src=\"https:\/\/www.rvdv.net\/leurslumieres\/wp-content\/uploads\/sites\/9\/2026\/04\/kanazawa_turrell_02.jpg\" alt=\"\" width=\"1024\" height=\"768\" srcset=\"https:\/\/www.rvdv.net\/leurslumieres\/wp-content\/uploads\/sites\/9\/2026\/04\/kanazawa_turrell_02.jpg 1024w, https:\/\/www.rvdv.net\/leurslumieres\/wp-content\/uploads\/sites\/9\/2026\/04\/kanazawa_turrell_02-300x225.jpg 300w, https:\/\/www.rvdv.net\/leurslumieres\/wp-content\/uploads\/sites\/9\/2026\/04\/kanazawa_turrell_02-768x576.jpg 768w\" sizes=\"auto, (max-width: 1024px) 100vw, 1024px\" \/><\/p>\n<p><img loading=\"lazy\" decoding=\"async\" class=\"alignnone size-full wp-image-538\" src=\"https:\/\/www.rvdv.net\/leurslumieres\/wp-content\/uploads\/sites\/9\/2026\/04\/kanazawa_turrell_011.jpg\" alt=\"\" width=\"1024\" height=\"768\" srcset=\"https:\/\/www.rvdv.net\/leurslumieres\/wp-content\/uploads\/sites\/9\/2026\/04\/kanazawa_turrell_011.jpg 1024w, https:\/\/www.rvdv.net\/leurslumieres\/wp-content\/uploads\/sites\/9\/2026\/04\/kanazawa_turrell_011-300x225.jpg 300w, https:\/\/www.rvdv.net\/leurslumieres\/wp-content\/uploads\/sites\/9\/2026\/04\/kanazawa_turrell_011-768x576.jpg 768w\" sizes=\"auto, (max-width: 1024px) 100vw, 1024px\" \/><\/p>\n<p>James Turrell, <em>Blue Planet Sky<\/em>, 2004, Century Museum of Contemporary Art de Kanazawa, Japon, avril 2008, Mus\u00e9e d&rsquo;art contemporain<\/p>\n<p><img loading=\"lazy\" decoding=\"async\" class=\"alignnone size-full wp-image-540\" src=\"https:\/\/www.rvdv.net\/leurslumieres\/wp-content\/uploads\/sites\/9\/2026\/04\/bougie-gaz-schlesinger.jpg\" alt=\"\" width=\"1024\" height=\"768\" srcset=\"https:\/\/www.rvdv.net\/leurslumieres\/wp-content\/uploads\/sites\/9\/2026\/04\/bougie-gaz-schlesinger.jpg 1024w, https:\/\/www.rvdv.net\/leurslumieres\/wp-content\/uploads\/sites\/9\/2026\/04\/bougie-gaz-schlesinger-300x225.jpg 300w, https:\/\/www.rvdv.net\/leurslumieres\/wp-content\/uploads\/sites\/9\/2026\/04\/bougie-gaz-schlesinger-768x576.jpg 768w\" sizes=\"auto, (max-width: 1024px) 100vw, 1024px\" \/><\/p>\n<p>Avril 2012, galerie Yvon Lambert, rue Vieille du Temple, Paris, 3e. Ariel Schlesinger, <em>Candle<\/em>, 2011, multiple sign\u00e9 avec Jonathan Monk<\/p>\n<p><img loading=\"lazy\" decoding=\"async\" class=\"size-full wp-image-541\" src=\"https:\/\/www.rvdv.net\/leurslumieres\/wp-content\/uploads\/sites\/9\/2026\/04\/projecteur.jpg\" alt=\"\" width=\"1024\" height=\"768\" srcset=\"https:\/\/www.rvdv.net\/leurslumieres\/wp-content\/uploads\/sites\/9\/2026\/04\/projecteur.jpg 1024w, https:\/\/www.rvdv.net\/leurslumieres\/wp-content\/uploads\/sites\/9\/2026\/04\/projecteur-300x225.jpg 300w, https:\/\/www.rvdv.net\/leurslumieres\/wp-content\/uploads\/sites\/9\/2026\/04\/projecteur-768x576.jpg 768w\" sizes=\"auto, (max-width: 1024px) 100vw, 1024px\" \/><\/p>\n<p>Anthony McCall, <em>Solid Light Films<\/em>, d\u00e9cembre 2009, exposition \u00ab Lanterne magique et film peint \u00bb, Cin\u00e9math\u00e8que fran\u00e7aise, Paris.<\/p>\n<p><img loading=\"lazy\" decoding=\"async\" class=\"size-full wp-image-542\" src=\"https:\/\/www.rvdv.net\/leurslumieres\/wp-content\/uploads\/sites\/9\/2026\/04\/signer_eclair.jpg\" alt=\"\" width=\"1024\" height=\"768\" srcset=\"https:\/\/www.rvdv.net\/leurslumieres\/wp-content\/uploads\/sites\/9\/2026\/04\/signer_eclair.jpg 1024w, https:\/\/www.rvdv.net\/leurslumieres\/wp-content\/uploads\/sites\/9\/2026\/04\/signer_eclair-300x225.jpg 300w, https:\/\/www.rvdv.net\/leurslumieres\/wp-content\/uploads\/sites\/9\/2026\/04\/signer_eclair-768x576.jpg 768w\" sizes=\"auto, (max-width: 1024px) 100vw, 1024px\" \/><\/p>\n<p>Roman Signer, <em>Parapluies<\/em>, 2009, Palais de Tokyo, 2009<\/p>\n<p><img loading=\"lazy\" decoding=\"async\" class=\"size-full wp-image-543\" src=\"https:\/\/www.rvdv.net\/leurslumieres\/wp-content\/uploads\/sites\/9\/2026\/04\/beuys_zimmer2.jpg\" alt=\"\" width=\"1024\" height=\"768\" srcset=\"https:\/\/www.rvdv.net\/leurslumieres\/wp-content\/uploads\/sites\/9\/2026\/04\/beuys_zimmer2.jpg 1024w, https:\/\/www.rvdv.net\/leurslumieres\/wp-content\/uploads\/sites\/9\/2026\/04\/beuys_zimmer2-300x225.jpg 300w, https:\/\/www.rvdv.net\/leurslumieres\/wp-content\/uploads\/sites\/9\/2026\/04\/beuys_zimmer2-768x576.jpg 768w\" sizes=\"auto, (max-width: 1024px) 100vw, 1024px\" \/><\/p>\n<p>Joseph Beuys, <em>Voglio vedere le mie montagne<\/em>, 1950-1971<\/p>\n<p><img loading=\"lazy\" decoding=\"async\" class=\"size-full wp-image-544\" src=\"https:\/\/www.rvdv.net\/leurslumieres\/wp-content\/uploads\/sites\/9\/2026\/04\/basisraum_3.jpg\" alt=\"\" width=\"1024\" height=\"768\" srcset=\"https:\/\/www.rvdv.net\/leurslumieres\/wp-content\/uploads\/sites\/9\/2026\/04\/basisraum_3.jpg 1024w, https:\/\/www.rvdv.net\/leurslumieres\/wp-content\/uploads\/sites\/9\/2026\/04\/basisraum_3-300x225.jpg 300w, https:\/\/www.rvdv.net\/leurslumieres\/wp-content\/uploads\/sites\/9\/2026\/04\/basisraum_3-768x576.jpg 768w\" sizes=\"auto, (max-width: 1024px) 100vw, 1024px\" \/><\/p>\n<p>Joseph Beuys, <em>Basisraum Nasse W\u00e4sche<\/em> (Jungfrau), environnement, 1979<\/p>\n<p><img loading=\"lazy\" decoding=\"async\" class=\"size-full wp-image-551\" src=\"https:\/\/www.rvdv.net\/leurslumieres\/wp-content\/uploads\/sites\/9\/2026\/04\/sarkis-eclair.jpg\" alt=\"\" width=\"1024\" height=\"768\" srcset=\"https:\/\/www.rvdv.net\/leurslumieres\/wp-content\/uploads\/sites\/9\/2026\/04\/sarkis-eclair.jpg 1024w, https:\/\/www.rvdv.net\/leurslumieres\/wp-content\/uploads\/sites\/9\/2026\/04\/sarkis-eclair-300x225.jpg 300w, https:\/\/www.rvdv.net\/leurslumieres\/wp-content\/uploads\/sites\/9\/2026\/04\/sarkis-eclair-768x576.jpg 768w\" sizes=\"auto, (max-width: 1024px) 100vw, 1024px\" \/><\/p>\n<p>Sarkis, <em>L\u2019Ouverture, \u00c9clair<\/em>, Mus\u00e9e d\u2019art contemporain de Lyon, Xe Biennale de Lyon, 2009<\/p>\n<p><img loading=\"lazy\" decoding=\"async\" class=\"size-full wp-image-554\" src=\"https:\/\/www.rvdv.net\/leurslumieres\/wp-content\/uploads\/sites\/9\/2026\/04\/sarkis-tonnerre.jpg\" alt=\"\" width=\"1024\" height=\"768\" srcset=\"https:\/\/www.rvdv.net\/leurslumieres\/wp-content\/uploads\/sites\/9\/2026\/04\/sarkis-tonnerre.jpg 1024w, https:\/\/www.rvdv.net\/leurslumieres\/wp-content\/uploads\/sites\/9\/2026\/04\/sarkis-tonnerre-300x225.jpg 300w, https:\/\/www.rvdv.net\/leurslumieres\/wp-content\/uploads\/sites\/9\/2026\/04\/sarkis-tonnerre-768x576.jpg 768w\" sizes=\"auto, (max-width: 1024px) 100vw, 1024px\" \/><\/p>\n<p>Sarkis, <em>L\u2019Ouverture, Tonnerre<\/em>, Mus\u00e9e d\u2019art contemporain de Lyon, Xe Biennale de Lyon, 2009<\/p>\n<p><img loading=\"lazy\" decoding=\"async\" class=\"alignnone size-full wp-image-552\" src=\"https:\/\/www.rvdv.net\/leurslumieres\/wp-content\/uploads\/sites\/9\/2026\/04\/sarkis-vitry.jpg\" alt=\"\" width=\"1024\" height=\"768\" srcset=\"https:\/\/www.rvdv.net\/leurslumieres\/wp-content\/uploads\/sites\/9\/2026\/04\/sarkis-vitry.jpg 1024w, https:\/\/www.rvdv.net\/leurslumieres\/wp-content\/uploads\/sites\/9\/2026\/04\/sarkis-vitry-300x225.jpg 300w, https:\/\/www.rvdv.net\/leurslumieres\/wp-content\/uploads\/sites\/9\/2026\/04\/sarkis-vitry-768x576.jpg 768w\" sizes=\"auto, (max-width: 1024px) 100vw, 1024px\" \/><\/p>\n<p>Sarkis, <em>Tr\u00e9sors de la m\u00e9moire (les onze enfants de l\u2019histoire du cin\u00e9ma)<\/em>, 2002, MacVal, 2012<\/p>\n<p><img loading=\"lazy\" decoding=\"async\" class=\"alignnone size-full wp-image-553\" src=\"https:\/\/www.rvdv.net\/leurslumieres\/wp-content\/uploads\/sites\/9\/2026\/04\/grasso-eclipse.jpg\" alt=\"\" width=\"1024\" height=\"768\" srcset=\"https:\/\/www.rvdv.net\/leurslumieres\/wp-content\/uploads\/sites\/9\/2026\/04\/grasso-eclipse.jpg 1024w, https:\/\/www.rvdv.net\/leurslumieres\/wp-content\/uploads\/sites\/9\/2026\/04\/grasso-eclipse-300x225.jpg 300w, https:\/\/www.rvdv.net\/leurslumieres\/wp-content\/uploads\/sites\/9\/2026\/04\/grasso-eclipse-768x576.jpg 768w\" sizes=\"auto, (max-width: 1024px) 100vw, 1024px\" \/><\/p>\n<p>Laurent Grasso, <em>\u00c9clipse<\/em>, 2007, collection Krzentowski, Paris. N\u00e9on, Who\u2019s afraid of red, yellow and blue ? Maison rouge, boulevard de la Bastille, Paris<\/p>\n<p><img loading=\"lazy\" decoding=\"async\" class=\"alignnone size-full wp-image-555\" src=\"https:\/\/www.rvdv.net\/leurslumieres\/wp-content\/uploads\/sites\/9\/2026\/04\/ohanian-ghost.jpg\" alt=\"\" width=\"1024\" height=\"768\" srcset=\"https:\/\/www.rvdv.net\/leurslumieres\/wp-content\/uploads\/sites\/9\/2026\/04\/ohanian-ghost.jpg 1024w, https:\/\/www.rvdv.net\/leurslumieres\/wp-content\/uploads\/sites\/9\/2026\/04\/ohanian-ghost-300x225.jpg 300w, https:\/\/www.rvdv.net\/leurslumieres\/wp-content\/uploads\/sites\/9\/2026\/04\/ohanian-ghost-768x576.jpg 768w\" sizes=\"auto, (max-width: 1024px) 100vw, 1024px\" \/><\/p>\n<p>Melik Ohanian, <em>(G)host<\/em>, 2006, galerie Chantal Crousel, Paris. N\u00e9on, Who\u2019s afraid of red, yellow and blue ? Maison rouge, boulevard de la Bastille, Paris<\/p>\n<p><img loading=\"lazy\" decoding=\"async\" class=\"alignnone size-full wp-image-556\" src=\"https:\/\/www.rvdv.net\/leurslumieres\/wp-content\/uploads\/sites\/9\/2026\/04\/kowalski-pour-qui-gp.jpg\" alt=\"\" width=\"1024\" height=\"768\" srcset=\"https:\/\/www.rvdv.net\/leurslumieres\/wp-content\/uploads\/sites\/9\/2026\/04\/kowalski-pour-qui-gp.jpg 1024w, https:\/\/www.rvdv.net\/leurslumieres\/wp-content\/uploads\/sites\/9\/2026\/04\/kowalski-pour-qui-gp-300x225.jpg 300w, https:\/\/www.rvdv.net\/leurslumieres\/wp-content\/uploads\/sites\/9\/2026\/04\/kowalski-pour-qui-gp-768x576.jpg 768w\" sizes=\"auto, (max-width: 1024px) 100vw, 1024px\" \/><\/p>\n<p>Piotr Kowalski, <em>Pour qui ?<\/em>, 1967, collection Andrea Kowalski, Paris. N\u00e9on, Who\u2019s afraid of red, yellow and blue ? Maison rouge, boulevard de la Bastille, Paris<\/p>\n<p><img loading=\"lazy\" decoding=\"async\" class=\"alignnone size-full wp-image-557\" src=\"https:\/\/www.rvdv.net\/leurslumieres\/wp-content\/uploads\/sites\/9\/2026\/04\/kosuth-words-are-deeds.jpg\" alt=\"\" width=\"1024\" height=\"768\" srcset=\"https:\/\/www.rvdv.net\/leurslumieres\/wp-content\/uploads\/sites\/9\/2026\/04\/kosuth-words-are-deeds.jpg 1024w, https:\/\/www.rvdv.net\/leurslumieres\/wp-content\/uploads\/sites\/9\/2026\/04\/kosuth-words-are-deeds-300x225.jpg 300w, https:\/\/www.rvdv.net\/leurslumieres\/wp-content\/uploads\/sites\/9\/2026\/04\/kosuth-words-are-deeds-768x576.jpg 768w\" sizes=\"auto, (max-width: 1024px) 100vw, 1024px\" \/><\/p>\n<p>Joseph Kosuth, <em>Words are Deeds<\/em>, 1991, galerie 1900:2000, Paris. N\u00e9on, Who\u2019s afraid of red, yellow and blue ? Maison rouge, boulevard de la Bastille, Paris<\/p>\n<p><img loading=\"lazy\" decoding=\"async\" class=\"alignnone size-full wp-image-558\" src=\"https:\/\/www.rvdv.net\/leurslumieres\/wp-content\/uploads\/sites\/9\/2026\/04\/kosuth-neon.jpg\" alt=\"\" width=\"1024\" height=\"768\" srcset=\"https:\/\/www.rvdv.net\/leurslumieres\/wp-content\/uploads\/sites\/9\/2026\/04\/kosuth-neon.jpg 1024w, https:\/\/www.rvdv.net\/leurslumieres\/wp-content\/uploads\/sites\/9\/2026\/04\/kosuth-neon-300x225.jpg 300w, https:\/\/www.rvdv.net\/leurslumieres\/wp-content\/uploads\/sites\/9\/2026\/04\/kosuth-neon-768x576.jpg 768w\" sizes=\"auto, (max-width: 1024px) 100vw, 1024px\" \/><\/p>\n<p>Joseph Kosuth, <em>Neon<\/em>, 1965, galerie Almine Rech. N\u00e9on, Who\u2019s afraid of red, yellow and blue ? Maison rouge, boulevard de la Bastille, Paris<\/p>\n<p><img loading=\"lazy\" decoding=\"async\" class=\"alignnone size-full wp-image-559\" src=\"https:\/\/www.rvdv.net\/leurslumieres\/wp-content\/uploads\/sites\/9\/2026\/04\/desordre-rouge.jpg\" alt=\"\" width=\"1024\" height=\"768\" srcset=\"https:\/\/www.rvdv.net\/leurslumieres\/wp-content\/uploads\/sites\/9\/2026\/04\/desordre-rouge.jpg 1024w, https:\/\/www.rvdv.net\/leurslumieres\/wp-content\/uploads\/sites\/9\/2026\/04\/desordre-rouge-300x225.jpg 300w, https:\/\/www.rvdv.net\/leurslumieres\/wp-content\/uploads\/sites\/9\/2026\/04\/desordre-rouge-768x576.jpg 768w\" sizes=\"auto, (max-width: 1024px) 100vw, 1024px\" \/><\/p>\n<p>Fran\u00e7ois Morrellet, <em>Neons by Accident<\/em>, 2003. Mus\u00e9e national d\u2019art moderne, Centre Pompidou. Exposition Fran\u00e7ois Morellet, \u00ab R\u00e9installations \u00bb, 2011<\/p>\n<p><img loading=\"lazy\" decoding=\"async\" class=\"alignnone size-full wp-image-560\" src=\"https:\/\/www.rvdv.net\/leurslumieres\/wp-content\/uploads\/sites\/9\/2026\/04\/desordre-bleu.jpg\" alt=\"\" width=\"1024\" height=\"768\" srcset=\"https:\/\/www.rvdv.net\/leurslumieres\/wp-content\/uploads\/sites\/9\/2026\/04\/desordre-bleu.jpg 1024w, https:\/\/www.rvdv.net\/leurslumieres\/wp-content\/uploads\/sites\/9\/2026\/04\/desordre-bleu-300x225.jpg 300w, https:\/\/www.rvdv.net\/leurslumieres\/wp-content\/uploads\/sites\/9\/2026\/04\/desordre-bleu-768x576.jpg 768w\" sizes=\"auto, (max-width: 1024px) 100vw, 1024px\" \/><\/p>\n<p>Fran\u00e7ois Morrellet, <em>No End Neon<\/em>, 1990. Mus\u00e9e national d\u2019art moderne, Centre Pompidou. Exposition Fran\u00e7ois Morellet, \u00ab R\u00e9installations \u00bb, 2011<\/p>\n<p><img loading=\"lazy\" decoding=\"async\" class=\"alignnone size-full wp-image-561\" src=\"https:\/\/www.rvdv.net\/leurslumieres\/wp-content\/uploads\/sites\/9\/2026\/04\/morellet-chain.jpg\" alt=\"\" width=\"1024\" height=\"768\" srcset=\"https:\/\/www.rvdv.net\/leurslumieres\/wp-content\/uploads\/sites\/9\/2026\/04\/morellet-chain.jpg 1024w, https:\/\/www.rvdv.net\/leurslumieres\/wp-content\/uploads\/sites\/9\/2026\/04\/morellet-chain-300x225.jpg 300w, https:\/\/www.rvdv.net\/leurslumieres\/wp-content\/uploads\/sites\/9\/2026\/04\/morellet-chain-768x576.jpg 768w\" sizes=\"auto, (max-width: 1024px) 100vw, 1024px\" \/><\/p>\n<p>Fran\u00e7ois Morrellet, <em>Encha\u00eenement n\u00b08<\/em>, 2011, galerie Aline Vidal, Paris. N\u00e9on, Who\u2019s afraid of red, yellow and blue ? Maison rouge, boulevard de la Bastille, Paris<\/p>\n<p><img loading=\"lazy\" decoding=\"async\" class=\"size-full wp-image-562\" src=\"https:\/\/www.rvdv.net\/leurslumieres\/wp-content\/uploads\/sites\/9\/2026\/04\/avalanche.jpg\" alt=\"\" width=\"1024\" height=\"768\" srcset=\"https:\/\/www.rvdv.net\/leurslumieres\/wp-content\/uploads\/sites\/9\/2026\/04\/avalanche.jpg 1024w, https:\/\/www.rvdv.net\/leurslumieres\/wp-content\/uploads\/sites\/9\/2026\/04\/avalanche-300x225.jpg 300w, https:\/\/www.rvdv.net\/leurslumieres\/wp-content\/uploads\/sites\/9\/2026\/04\/avalanche-768x576.jpg 768w\" sizes=\"auto, (max-width: 1024px) 100vw, 1024px\" \/><\/p>\n<p>Fran\u00e7ois Morrellet, <em>L\u2019Avalanche<\/em>, 1996. Mus\u00e9e national d\u2019art moderne, Centre Pompidou. Exposition Fran\u00e7ois Morellet, \u00ab R\u00e9installations \u00bb, 2011<\/p>\n<p><img loading=\"lazy\" decoding=\"async\" class=\"size-full wp-image-563\" src=\"https:\/\/www.rvdv.net\/leurslumieres\/wp-content\/uploads\/sites\/9\/2026\/04\/croix.jpg\" alt=\"\" width=\"1024\" height=\"768\" srcset=\"https:\/\/www.rvdv.net\/leurslumieres\/wp-content\/uploads\/sites\/9\/2026\/04\/croix.jpg 1024w, https:\/\/www.rvdv.net\/leurslumieres\/wp-content\/uploads\/sites\/9\/2026\/04\/croix-300x225.jpg 300w, https:\/\/www.rvdv.net\/leurslumieres\/wp-content\/uploads\/sites\/9\/2026\/04\/croix-768x576.jpg 768w\" sizes=\"auto, (max-width: 1024px) 100vw, 1024px\" \/><\/p>\n<p>ran\u00e7ois Morrellet, <em>Deux trames de tirets 0\u00b0-90\u00b0<\/em> avec participation du spectateur, 1971. Mus\u00e9e national d\u2019art moderne, Centre Pompidou. Exposition Fran\u00e7ois Morellet, \u00ab R\u00e9installations \u00bb, 2011<\/p>\n<p><img loading=\"lazy\" decoding=\"async\" class=\"alignnone size-full wp-image-564\" src=\"https:\/\/www.rvdv.net\/leurslumieres\/wp-content\/uploads\/sites\/9\/2026\/04\/emin-just-love-me.jpg\" alt=\"\" width=\"1024\" height=\"768\" srcset=\"https:\/\/www.rvdv.net\/leurslumieres\/wp-content\/uploads\/sites\/9\/2026\/04\/emin-just-love-me.jpg 1024w, https:\/\/www.rvdv.net\/leurslumieres\/wp-content\/uploads\/sites\/9\/2026\/04\/emin-just-love-me-300x225.jpg 300w, https:\/\/www.rvdv.net\/leurslumieres\/wp-content\/uploads\/sites\/9\/2026\/04\/emin-just-love-me-768x576.jpg 768w\" sizes=\"auto, (max-width: 1024px) 100vw, 1024px\" \/><\/p>\n<p>Tracey Emin, <em>Just Love Me<\/em>, 1986, collection Goetz. N\u00e9on, Who\u2019s afraid of red, yellow and blue ? Maison rouge, boulevard de la Bastille, Paris<\/p>\n<p><img loading=\"lazy\" decoding=\"async\" class=\"alignnone size-full wp-image-565\" src=\"https:\/\/www.rvdv.net\/leurslumieres\/wp-content\/uploads\/sites\/9\/2026\/04\/armleder-volts.jpg\" alt=\"\" width=\"1024\" height=\"768\" srcset=\"https:\/\/www.rvdv.net\/leurslumieres\/wp-content\/uploads\/sites\/9\/2026\/04\/armleder-volts.jpg 1024w, https:\/\/www.rvdv.net\/leurslumieres\/wp-content\/uploads\/sites\/9\/2026\/04\/armleder-volts-300x225.jpg 300w, https:\/\/www.rvdv.net\/leurslumieres\/wp-content\/uploads\/sites\/9\/2026\/04\/armleder-volts-768x576.jpg 768w\" sizes=\"auto, (max-width: 1024px) 100vw, 1024px\" \/><\/p>\n<p>John Armleder, <em>Voltes V<\/em>, 2004, collection Frank Cohen. N\u00e9on, Who\u2019s afraid of red, yellow and blue ? Maison rouge, boulevard de la Bastille, Paris<\/p>\n<p><img loading=\"lazy\" decoding=\"async\" class=\"alignnone size-full wp-image-566\" src=\"https:\/\/www.rvdv.net\/leurslumieres\/wp-content\/uploads\/sites\/9\/2026\/04\/alberola-die-armut.jpg\" alt=\"\" width=\"1024\" height=\"768\" srcset=\"https:\/\/www.rvdv.net\/leurslumieres\/wp-content\/uploads\/sites\/9\/2026\/04\/alberola-die-armut.jpg 1024w, https:\/\/www.rvdv.net\/leurslumieres\/wp-content\/uploads\/sites\/9\/2026\/04\/alberola-die-armut-300x225.jpg 300w, https:\/\/www.rvdv.net\/leurslumieres\/wp-content\/uploads\/sites\/9\/2026\/04\/alberola-die-armut-768x576.jpg 768w\" sizes=\"auto, (max-width: 1024px) 100vw, 1024px\" \/><\/p>\n<p>Jean-Michel Alberola,<em> Die Armut<\/em>, 2006, collection Antoine de Galbert. N\u00e9on, Who\u2019s afraid of red, yellow and blue ? Maison rouge, boulevard de la Bastille, Paris<\/p>\n<p><img loading=\"lazy\" decoding=\"async\" class=\"alignnone size-full wp-image-567\" src=\"https:\/\/www.rvdv.net\/leurslumieres\/wp-content\/uploads\/sites\/9\/2026\/04\/mtmte-nannucci.jpg\" alt=\"\" width=\"1024\" height=\"768\" srcset=\"https:\/\/www.rvdv.net\/leurslumieres\/wp-content\/uploads\/sites\/9\/2026\/04\/mtmte-nannucci.jpg 1024w, https:\/\/www.rvdv.net\/leurslumieres\/wp-content\/uploads\/sites\/9\/2026\/04\/mtmte-nannucci-300x225.jpg 300w, https:\/\/www.rvdv.net\/leurslumieres\/wp-content\/uploads\/sites\/9\/2026\/04\/mtmte-nannucci-768x576.jpg 768w\" sizes=\"auto, (max-width: 1024px) 100vw, 1024px\" \/><\/p>\n<p>Mai 2012, 16h, galerie LiveInYourHead, 4 rue du Beulet, Gen\u00e8ve. Maurizio Nannucci, <em>More than meets the eye<\/em>, n\u00e9on, 55 x 1000 cm, 2012<\/p>\n<p><img loading=\"lazy\" decoding=\"async\" class=\"alignnone size-full wp-image-568\" src=\"https:\/\/www.rvdv.net\/leurslumieres\/wp-content\/uploads\/sites\/9\/2026\/04\/flavin-enfant.jpg\" alt=\"\" width=\"1024\" height=\"768\" srcset=\"https:\/\/www.rvdv.net\/leurslumieres\/wp-content\/uploads\/sites\/9\/2026\/04\/flavin-enfant.jpg 1024w, https:\/\/www.rvdv.net\/leurslumieres\/wp-content\/uploads\/sites\/9\/2026\/04\/flavin-enfant-300x225.jpg 300w, https:\/\/www.rvdv.net\/leurslumieres\/wp-content\/uploads\/sites\/9\/2026\/04\/flavin-enfant-768x576.jpg 768w\" sizes=\"auto, (max-width: 1024px) 100vw, 1024px\" \/><\/p>\n<p>Dan Flavin, f\u00e9vrier 2012, Galerie Perrotin, rue de Turenne, Paris, 3e<\/p>\n<p><img loading=\"lazy\" decoding=\"async\" class=\"alignnone size-full wp-image-569\" src=\"https:\/\/www.rvdv.net\/leurslumieres\/wp-content\/uploads\/sites\/9\/2026\/04\/yayoi-bleu.jpg\" alt=\"\" width=\"1024\" height=\"768\" srcset=\"https:\/\/www.rvdv.net\/leurslumieres\/wp-content\/uploads\/sites\/9\/2026\/04\/yayoi-bleu.jpg 1024w, https:\/\/www.rvdv.net\/leurslumieres\/wp-content\/uploads\/sites\/9\/2026\/04\/yayoi-bleu-300x225.jpg 300w, https:\/\/www.rvdv.net\/leurslumieres\/wp-content\/uploads\/sites\/9\/2026\/04\/yayoi-bleu-768x576.jpg 768w\" sizes=\"auto, (max-width: 1024px) 100vw, 1024px\" \/><\/p>\n<p>D\u00e9cembre 2011, Centre Pompidou : Yayoi Kusama, <em>Infinity mirror Room (filled With the Brillance of Life)<\/em> \u2014 Salle des Reflets Infinis (emplie de l\u2019\u00c9clat de la Vie) \u2014 2011<\/p>\n<p>&nbsp;<\/p>\n<p>Photographies \u00a9Jean-Louis Boissier<\/p>\n","protected":false},"excerpt":{"rendered":"<p>Robert Indiana, The Electric Eat, 1964-2007 (con\u00e7ue en 1964, ex\u00e9cut\u00e9e en 2007), aluminium polychrome et lampes, 198\u00d7198 cm, copie n\u00b03 d\u2019une \u00e9dition de 5 (plus 2 \u00e9preuves d\u2019artiste). Waddington Galleries, Londres. Avril 2012, galerie Yvon Lambert, rue Vieille du Temple, Paris, 3e. Ariel Schlesinger, Braunshweig Door, 2012 Sarkis, Pour la voix, 1978, 13 ampoules sur &hellip; <a href=\"https:\/\/www.rvdv.net\/leurslumieres\/page-d-exemple\/32-dautres-images\/\" class=\"more-link\">Continuer la lecture de <span class=\"screen-reader-text\">32. D&rsquo;autres images<\/span><\/a><\/p>\n","protected":false},"author":2,"featured_media":0,"parent":2,"menu_order":0,"comment_status":"closed","ping_status":"closed","template":"","meta":{"footnotes":""},"class_list":["post-532","page","type-page","status-publish","hentry"],"_links":{"self":[{"href":"https:\/\/www.rvdv.net\/leurslumieres\/wp-json\/wp\/v2\/pages\/532","targetHints":{"allow":["GET"]}}],"collection":[{"href":"https:\/\/www.rvdv.net\/leurslumieres\/wp-json\/wp\/v2\/pages"}],"about":[{"href":"https:\/\/www.rvdv.net\/leurslumieres\/wp-json\/wp\/v2\/types\/page"}],"author":[{"embeddable":true,"href":"https:\/\/www.rvdv.net\/leurslumieres\/wp-json\/wp\/v2\/users\/2"}],"replies":[{"embeddable":true,"href":"https:\/\/www.rvdv.net\/leurslumieres\/wp-json\/wp\/v2\/comments?post=532"}],"version-history":[{"count":10,"href":"https:\/\/www.rvdv.net\/leurslumieres\/wp-json\/wp\/v2\/pages\/532\/revisions"}],"predecessor-version":[{"id":574,"href":"https:\/\/www.rvdv.net\/leurslumieres\/wp-json\/wp\/v2\/pages\/532\/revisions\/574"}],"up":[{"embeddable":true,"href":"https:\/\/www.rvdv.net\/leurslumieres\/wp-json\/wp\/v2\/pages\/2"}],"wp:attachment":[{"href":"https:\/\/www.rvdv.net\/leurslumieres\/wp-json\/wp\/v2\/media?parent=532"}],"curies":[{"name":"wp","href":"https:\/\/api.w.org\/{rel}","templated":true}]}}