{"id":89,"date":"2026-03-30T18:02:52","date_gmt":"2026-03-30T16:02:52","guid":{"rendered":"https:\/\/www.rvdv.net\/leurslumieres\/?page_id=89"},"modified":"2026-03-30T18:09:37","modified_gmt":"2026-03-30T16:09:37","slug":"08-jakob-gautel-et-jason-karaindros","status":"publish","type":"page","link":"https:\/\/www.rvdv.net\/leurslumieres\/page-d-exemple\/08-jakob-gautel-et-jason-karaindros\/","title":{"rendered":"08. Jakob Gautel et Jason Kara\u00efndros"},"content":{"rendered":"<p><em>D\u00e9tecteur d\u2019anges<\/em><br \/>\nSculpture de lumi\u00e8re interactive, 1992-1995<br \/>\nBois (\u00e9rable mouchet\u00e9), verre, ampoule, m\u00e9tal, circuit \u00e9lectronique, 30 cm de haut, 16 cm de diam\u00e8tre.<br \/>\nCollection priv\u00e9e<br \/>\n\u00c9lectronique : Walter Goettmann, Berlin<br \/>\nProduction\u00a0: autoproduction<\/p>\n<p><img loading=\"lazy\" decoding=\"async\" class=\"alignnone wp-image-94 size-full\" src=\"https:\/\/www.rvdv.net\/leurslumieres\/wp-content\/uploads\/sites\/9\/2026\/03\/1-DETECTEUR.jpg\" alt=\"\" width=\"640\" height=\"853\" srcset=\"https:\/\/www.rvdv.net\/leurslumieres\/wp-content\/uploads\/sites\/9\/2026\/03\/1-DETECTEUR.jpg 640w, https:\/\/www.rvdv.net\/leurslumieres\/wp-content\/uploads\/sites\/9\/2026\/03\/1-DETECTEUR-225x300.jpg 225w\" sizes=\"auto, (max-width: 640px) 100vw, 640px\" \/><\/p>\n<p>Argument :<br \/>\n\u201c<em>Looking into the heart of light, the silence\u2026<\/em>\u201d \u2014 T. S. Eliot<br \/>\n\u00ab\u00a0Un ange passe \u2014 un moment de silence devenu rare dans notre soci\u00e9t\u00e9 hant\u00e9e par le <em>horror vacui<\/em> visuel et sonore. Notre D\u00e9tecteur d\u2019anges est un dispositif \u00e0 d\u00e9tecter le silence. Il capte tout son dans son entourage. Quand il y a du silence, une lampe s\u2019allume. Au moindre bruit celle-ci s\u2019\u00e9teint de nouveau. Le D\u00e9tecteur d\u2019anges devient ainsi un phare invitant l\u2019ange qui passe \u00e0 un moment de repos. Un dialogue (silencieux) avec l\u2019ange ainsi attir\u00e9 peut s\u2019instaurer.\u00a0\u00bb J.G. &amp; J.K<\/p>\n<p>Premise: \u2028\u201cLooking into the heart of light, the silence\u2026\u201d \u2014 T. S. Eliot<br \/>\n<em>\u201cAn angel passes \u2014 a moment of silence that has become all too rare amidst the visual and auditory horror vacui. Our Angel Detector is a device for detecting silence. It senses all surrounding sound. When there is silence, a lamp lights up. At the slightest sound, it goes out again. The Angel Detector thus becomes a lighthouse which invites passing angels to enjoy a moment of repose. A (silent) dialogue with the angel thus attracted can now take place.\u201d J.G. &amp; J.K.<\/em><\/p>\n<p>Jakob Gautel<br \/>\nN\u00e9 en 1965 \u00e0 Karlsruhe, il vit et travaille \u00e0 Paris et ailleurs. Il est dipl\u00f4m\u00e9 de l\u2019\u00c9cole nationale sup\u00e9rieure des Beaux-Arts, Paris, atelier Christian Boltanski, en 1991. Entre 1995 et 1997, il s\u00e9journe six mois en Indon\u00e9sie au titre de la Villa M\u00e9dicis hors les murs, et de 1999 \u00e0 2000, \u00e0 la Villa M\u00e9dicis \u00e0 Rome. En2008, il est nomm\u00e9 Chevalier de l\u2019ordre des Arts et des Lettres. Depuis 2001, il enseigne en \u00e9cole d\u2019architecture, d\u2019abord \u00e0 Versailles et depuis plusieurs ann\u00e9es \u00e0 Paris-La Villette. Il expose en France et \u00e0 l\u2019\u00e9tranger et aime exp\u00e9rimenter des formes d\u2019art hors des espaces convenus, dans l\u2019espace public en cherchant \u00e0 red\u00e9finir le rapport de l\u2019artiste \u00e0 son public. Il travaille avec la photo, la vid\u00e9o, l\u2019installation, la performance, les arts graphiques, le livre etc. Le fil conducteur de son travail n\u2019est pas une technique ou un sujet mais plut\u00f4t une recherche sur l\u2019image, sur la lisi\u00e8re entre la r\u00e9alit\u00e9 et la fiction, entre le monde des apparences et ce qui se cache derri\u00e8re, entre l\u2019\u00eatre et le para\u00eetre, entre le monde ext\u00e9rieur et le monde int\u00e9rieur. Il s\u2019attache \u00e0 la production de sens plut\u00f4t qu\u2019\u00e0 la production d\u2019objets. <a href=\"http:\/\/www.gautel.net\/\" target=\"_blank\" rel=\"noopener\">http:\/\/www.gautel.net<\/a><\/p>\n<p>Jason Kara\u00efndros<br \/>\nN\u00e9 en 1963 \u00e0 Ath\u00e8nes, il vit et travaille \u00e0 Paris. Il est dipl\u00f4m\u00e9 de l\u2019\u00c9cole nationale sup\u00e9rieure des Beaux-Arts, Paris, atelier Piotr Kowalski et de l\u2019\u00c9cole du Louvre. Il enseigne depuis douze ans \u00e0 l\u2019\u00c9cole r\u00e9gionale des Beaux-Arts de Rouen. Son int\u00e9r\u00eat pour une pratique artistique prenant largement en compte les domaines de la science et de la technologie l\u2019a amen\u00e9 \u00e0 travailler avec les techniques multim\u00e9dias. Sculpture, dessin, installation, photographie, vid\u00e9o, son, etc. font partie de son langage plastique. Sans que cela l\u2019emp\u00eache de poser parfois un regard tr\u00e8s aigu et critique sur la vie politique et sociale, il insuffle \u00e0 ses recherches une forte dimension m\u00e9taphysique. Son questionnement porte en particulier sur ces limites invisibles au seuil desquelles se tient la science, mais au-del\u00e0 desquelles notre mental et notre perception peuvent tenter de s\u2019aventurer. Ses oeuvres ne rel\u00e8vent pas du registre classique de la repr\u00e9sentation, ni de celui de la narration discursive. Elles donnent forme \u00e0 de la pens\u00e9e. Tout en proc\u00e9dant d\u2019une vision po\u00e9tique, elles ont la force de d\u00e9signation du langage.<\/p>\n<p><img loading=\"lazy\" decoding=\"async\" class=\"alignnone wp-image-92 size-full\" src=\"https:\/\/www.rvdv.net\/leurslumieres\/wp-content\/uploads\/sites\/9\/2026\/03\/JJ-ANZAI-2005.jpg\" alt=\"\" width=\"640\" height=\"640\" srcset=\"https:\/\/www.rvdv.net\/leurslumieres\/wp-content\/uploads\/sites\/9\/2026\/03\/JJ-ANZAI-2005.jpg 640w, https:\/\/www.rvdv.net\/leurslumieres\/wp-content\/uploads\/sites\/9\/2026\/03\/JJ-ANZAI-2005-300x300.jpg 300w, https:\/\/www.rvdv.net\/leurslumieres\/wp-content\/uploads\/sites\/9\/2026\/03\/JJ-ANZAI-2005-150x150.jpg 150w\" sizes=\"auto, (max-width: 640px) 100vw, 640px\" \/><\/p>\n<p><em>D\u00e9tecteur d\u2019anges<\/em> de Jason Kara\u00efndros et Jakob Gautel, \u00a0Triennale de Yokohama, photo Shigeo\u00a0Anzai\u00a0(\u5b89 \u658e \u91cd \u7537).<\/p>\n","protected":false},"excerpt":{"rendered":"<p>D\u00e9tecteur d\u2019anges Sculpture de lumi\u00e8re interactive, 1992-1995 Bois (\u00e9rable mouchet\u00e9), verre, ampoule, m\u00e9tal, circuit \u00e9lectronique, 30 cm de haut, 16 cm de diam\u00e8tre. Collection priv\u00e9e \u00c9lectronique : Walter Goettmann, Berlin Production\u00a0: autoproduction Argument : \u201cLooking into the heart of light, the silence\u2026\u201d \u2014 T. S. Eliot \u00ab\u00a0Un ange passe \u2014 un moment de silence devenu &hellip; <a href=\"https:\/\/www.rvdv.net\/leurslumieres\/page-d-exemple\/08-jakob-gautel-et-jason-karaindros\/\" class=\"more-link\">Continuer la lecture de <span class=\"screen-reader-text\">08. Jakob Gautel et Jason Kara\u00efndros<\/span><\/a><\/p>\n","protected":false},"author":2,"featured_media":0,"parent":2,"menu_order":0,"comment_status":"closed","ping_status":"closed","template":"","meta":{"footnotes":""},"class_list":["post-89","page","type-page","status-publish","hentry"],"_links":{"self":[{"href":"https:\/\/www.rvdv.net\/leurslumieres\/wp-json\/wp\/v2\/pages\/89","targetHints":{"allow":["GET"]}}],"collection":[{"href":"https:\/\/www.rvdv.net\/leurslumieres\/wp-json\/wp\/v2\/pages"}],"about":[{"href":"https:\/\/www.rvdv.net\/leurslumieres\/wp-json\/wp\/v2\/types\/page"}],"author":[{"embeddable":true,"href":"https:\/\/www.rvdv.net\/leurslumieres\/wp-json\/wp\/v2\/users\/2"}],"replies":[{"embeddable":true,"href":"https:\/\/www.rvdv.net\/leurslumieres\/wp-json\/wp\/v2\/comments?post=89"}],"version-history":[{"count":7,"href":"https:\/\/www.rvdv.net\/leurslumieres\/wp-json\/wp\/v2\/pages\/89\/revisions"}],"predecessor-version":[{"id":110,"href":"https:\/\/www.rvdv.net\/leurslumieres\/wp-json\/wp\/v2\/pages\/89\/revisions\/110"}],"up":[{"embeddable":true,"href":"https:\/\/www.rvdv.net\/leurslumieres\/wp-json\/wp\/v2\/pages\/2"}],"wp:attachment":[{"href":"https:\/\/www.rvdv.net\/leurslumieres\/wp-json\/wp\/v2\/media?parent=89"}],"curies":[{"name":"wp","href":"https:\/\/api.w.org\/{rel}","templated":true}]}}