{"id":6,"date":"2026-03-29T10:35:30","date_gmt":"2026-03-29T08:35:30","guid":{"rendered":"https:\/\/www.rvdv.net\/lips\/?page_id=6"},"modified":"2026-03-29T11:16:13","modified_gmt":"2026-03-29T09:16:13","slug":"exposition-limage-nest-pas-seule","status":"publish","type":"page","link":"https:\/\/www.rvdv.net\/lips\/","title":{"rendered":"Exposition \u00ab\u00a0L&rsquo;image n&rsquo;est pas seule \u00bb"},"content":{"rendered":"<p>\u00ab\u00a0L&rsquo;image n&rsquo;est pas seule \u00bb<br \/>\nUniversit\u00e9 Paris 8 Vincennes \u00e0 Saint-Denis<br \/>\nExposition des travaux artistiques du laboratoire de recherche Esth\u00e9tique de l\u2019interactivit\u00e9, Universit\u00e9 Paris 8,<br \/>\ncr\u00e9\u00e9e pour l\u2019inauguration de la biblioth\u00e8que de l\u2019Universit\u00e9 Paris 8,<br \/>\nEspace audiovisuel, 18 \u2013 29 mai 1998<\/p>\n<p><a href=\"http:\/\/rvdv.net\/wp-pdf\/lips-catalogue-final.pdf\">(T\u00e9l\u00e9charger le catalogue)<\/a><\/p>\n<p><a href=\"http:\/\/rvdv.net\/wp-pdf\/lips-catalogue-final.pdf\"><img loading=\"lazy\" decoding=\"async\" class=\"alignnone wp-image-16 size-medium\" src=\"http:\/\/www.rvdv.net\/lips\/wp-content\/uploads\/sites\/11\/2026\/03\/lips-230x300.jpg\" alt=\"\" width=\"230\" height=\"300\" srcset=\"https:\/\/www.rvdv.net\/lips\/wp-content\/uploads\/sites\/11\/2026\/03\/lips-230x300.jpg 230w, https:\/\/www.rvdv.net\/lips\/wp-content\/uploads\/sites\/11\/2026\/03\/lips.jpg 698w\" sizes=\"auto, (max-width: 230px) 100vw, 230px\" \/><\/a><\/p>\n<p>&nbsp;<\/p>\n<p>Jean-Louis Boissier, Liliane Terrier (sous la direction de)<br \/>\n<em>L&rsquo;image n&rsquo;est pas seule Exposition<\/em><\/p>\n<p>CONTRIBUTIONS<br \/>\nFran\u00e7oise Agez, chercheuse en arts plastiques<br \/>\nJean-Louis Boissier, professeur en arts plastiques, coresponsable<br \/>\ndu laboratoire Esth\u00e9tique de l\u2019interactivit\u00e9<br \/>\nJean-Marie Dallet, attach\u00e9 d\u2019enseignement et de recherche en arts plastiques<br \/>\nAndrea Davidson, chercheuse en arts plastiques, chor\u00e9graphe<br \/>\nAline Giron, charg\u00e9e de cours en arts plastiques, r\u00e9alisatrice multim\u00e9dia<br \/>\nJ\u00e9r\u00f4me Glicenstein, PRAG en arts plastiques<br \/>\nMaren K\u00f6pp, attach\u00e9e d\u2019enseignement et de recherche en arts plastiques<br \/>\nJean-No\u00ebl Lafargue, charg\u00e9 de cours en arts plastiques<br \/>\nFabien Lagny, charg\u00e9 de cours en arts plastiques, r\u00e9alisateur multim\u00e9dia<br \/>\nChristian Laroche, enseignant \u00e0 l\u2019\u00c9cole des beaux-arts de Dijon<br \/>\nDouglas Edric Stanley, chercheur, charg\u00e9 de cours en arts plastiques<br \/>\nHajime Takeuchi, chercheur, charg\u00e9 de cours en arts plastiques<br \/>\nLiliane Terrier, ma\u00eetresse de conf\u00e9rences en arts plastiques, coresponsable<br \/>\ndu laboratoire Esth\u00e9tique de l\u2019interactivit\u00e9<br \/>\nAndrea Urlberger, chercheuse en arts plastiques<br \/>\nYe Xin, ma\u00eetre de conf\u00e9rences en arts plastiques<\/p>\n<p>SC\u00c9NOGRAPHIE<br \/>\nAlain Cieutat<\/p>\n","protected":false},"excerpt":{"rendered":"<p>\u00ab\u00a0L&rsquo;image n&rsquo;est pas seule \u00bb Universit\u00e9 Paris 8 Vincennes \u00e0 Saint-Denis Exposition des travaux artistiques du laboratoire de recherche Esth\u00e9tique de l\u2019interactivit\u00e9, Universit\u00e9 Paris 8, cr\u00e9\u00e9e pour l\u2019inauguration de la biblioth\u00e8que de l\u2019Universit\u00e9 Paris 8, Espace audiovisuel, 18 \u2013 29 mai 1998 (T\u00e9l\u00e9charger le catalogue) &nbsp; Jean-Louis Boissier, Liliane Terrier (sous la direction de) L&rsquo;image &hellip; <a href=\"https:\/\/www.rvdv.net\/lips\/\" class=\"more-link\">Continuer la lecture de <span class=\"screen-reader-text\">Exposition \u00ab\u00a0L&rsquo;image n&rsquo;est pas seule \u00bb<\/span><\/a><\/p>\n","protected":false},"author":2,"featured_media":0,"parent":0,"menu_order":0,"comment_status":"closed","ping_status":"closed","template":"","meta":{"footnotes":""},"class_list":["post-6","page","type-page","status-publish","hentry"],"_links":{"self":[{"href":"https:\/\/www.rvdv.net\/lips\/wp-json\/wp\/v2\/pages\/6","targetHints":{"allow":["GET"]}}],"collection":[{"href":"https:\/\/www.rvdv.net\/lips\/wp-json\/wp\/v2\/pages"}],"about":[{"href":"https:\/\/www.rvdv.net\/lips\/wp-json\/wp\/v2\/types\/page"}],"author":[{"embeddable":true,"href":"https:\/\/www.rvdv.net\/lips\/wp-json\/wp\/v2\/users\/2"}],"replies":[{"embeddable":true,"href":"https:\/\/www.rvdv.net\/lips\/wp-json\/wp\/v2\/comments?post=6"}],"version-history":[{"count":12,"href":"https:\/\/www.rvdv.net\/lips\/wp-json\/wp\/v2\/pages\/6\/revisions"}],"predecessor-version":[{"id":26,"href":"https:\/\/www.rvdv.net\/lips\/wp-json\/wp\/v2\/pages\/6\/revisions\/26"}],"wp:attachment":[{"href":"https:\/\/www.rvdv.net\/lips\/wp-json\/wp\/v2\/media?parent=6"}],"curies":[{"name":"wp","href":"https:\/\/api.w.org\/{rel}","templated":true}]}}