{"id":13,"date":"2015-01-03T23:57:36","date_gmt":"2015-01-03T23:57:36","guid":{"rendered":"http:\/\/www.rvdv.net\/vincennes\/?page_id=13"},"modified":"2024-07-17T14:56:48","modified_gmt":"2024-07-17T12:56:48","slug":"les-arts-a-la-faculte-de-vincennes","status":"publish","type":"page","link":"https:\/\/www.rvdv.net\/vincennes\/les-arts-a-la-faculte-de-vincennes\/","title":{"rendered":"06. Les arts \u00e0 la facult\u00e9 de Vincennes"},"content":{"rendered":"<p><a href=\"https:\/\/www.rvdv.net\/vincennes\/wp-content\/uploads\/sites\/5\/2015\/01\/desir-apprendre-1979-2000.jpg\" data-rel=\"lightbox-image-0\" data-imagelightbox=\"0\" data-rl_title=\"\" data-rl_caption=\"\" title=\"\"><img loading=\"lazy\" decoding=\"async\" class=\"alignnone size-full wp-image-1052\" src=\"https:\/\/www.rvdv.net\/vincennes\/wp-content\/uploads\/sites\/5\/2015\/01\/desir-apprendre-1979-2000.jpg\" alt=\"desir apprendre 1979 2000\" width=\"480\" height=\"640\" srcset=\"https:\/\/www.rvdv.net\/vincennes\/wp-content\/uploads\/sites\/5\/2015\/01\/desir-apprendre-1979-2000.jpg 1500w, https:\/\/www.rvdv.net\/vincennes\/wp-content\/uploads\/sites\/5\/2015\/01\/desir-apprendre-1979-2000-225x300.jpg 225w, https:\/\/www.rvdv.net\/vincennes\/wp-content\/uploads\/sites\/5\/2015\/01\/desir-apprendre-1979-2000-768x1024.jpg 768w, https:\/\/www.rvdv.net\/vincennes\/wp-content\/uploads\/sites\/5\/2015\/01\/desir-apprendre-1979-2000-1152x1536.jpg 1152w\" sizes=\"auto, (max-width: 480px) 100vw, 480px\" \/><\/a><br \/>\nAffiche de 1979 au moment de la mise en cause de Vincennes par le minist\u00e8re (atelier de s\u00e9rigraphie d&rsquo;Arts plastiques conduit par Rui Alberto).<\/p>\n<p>Le d\u00e9partement d\u2019arts du Centre universitaire exp\u00e9rimental de Vincennes est cr\u00e9\u00e9 initialement pour participer, avec plusieurs autres universit\u00e9s, \u00e0 inclusion de la formation des enseignants d\u2019arts plastiques et de musique dans le syst\u00e8me universitaire, au m\u00eame titre que d&rsquo;autres disciplines. Mais le th\u00e9\u00e2tre et le cin\u00e9ma y sont aussi d&#8217;embl\u00e9e pr\u00e9sents \u00e0 Vincennes. Au cours des ann\u00e9es 70, les arts et la philosophie seront r\u00e9unis dans la m\u00eame Unit\u00e9 de formation et de recherche (UFR) et chaque discipline artistique disposera d\u2019un d\u00e9partement tr\u00e8s autonome.<br \/>\nLe terme \u00ab arts plastiques \u00bb \u2014 comme \u00ab plasticiens \u00bb \u2014 s&rsquo;\u00e9tait impos\u00e9 dans les ann\u00e9es 60 en se distinguant de \u00ab beaux-arts\u00a0\u00bb. Il est cependant d&#8217;embl\u00e9e d\u00e9pass\u00e9 par la diversit\u00e9 des approches, des pratiques et des projets. Jean Laude (1922-1984), grand historien d&rsquo;art et ethnologue, est le premier responsable des arts mais il quitte Vincennes d\u00e8s la fin de la premi\u00e8re ann\u00e9e. Frank Popper (1918-), critique d&rsquo;art et th\u00e9oricien de l&rsquo;art cin\u00e9tique, de la participation du spectateur, du \u00ab d\u00e9clin de l&rsquo;objet \u00bb devient alors directeur d&rsquo;Arts plastiques, jusqu&rsquo;en 1983 (J.-L.B. lui succ\u00e8de).<br \/>\nDans ses premi\u00e8res ann\u00e9es, le d\u00e9partement d\u2019arts plastiques n\u2019a que tr\u00e8s peu d\u2019enseignants, un ma\u00eetre de conf\u00e9rences associ\u00e9, quelques assistants et surtout des charg\u00e9s de cours. Les cours ont la forme d\u2019UV \u2014 unit\u00e9s de valeur \u2014, ils sont destin\u00e9s indistinctement \u00e0 toutes les ann\u00e9es de licence puis de ma\u00eetrise. La facult\u00e9 de Vincennes affirme sa volont\u00e9 de s&rsquo;ouvrir aux \u00e9tudiants non-bacheliers et aux \u00e9tudiants salari\u00e9s. Les \u00e9tudiants \u00e9trangers y sont particuli\u00e8rement nombreux. Les enseignants sont globalement jeunes ou tr\u00e8s jeunes, souvent moins \u00e2g\u00e9s que les \u00e9tudiants. Les personnels administratifs sont relativement nombreux, tr\u00e8s pr\u00e9sents dans la d\u00e9finition des programmes et des orientations p\u00e9dagogiques et tr\u00e8s directement engag\u00e9s dans l&rsquo;\u00e9dification d&rsquo;une universit\u00e9 de type nouveau, souvent annonc\u00e9e comme \u00ab r\u00e9volutionnaire \u00bb.<br \/>\nLes positions de principe affirm\u00e9es sont l\u2019articulation pratique et th\u00e9orie, l\u2019interdisciplinarit\u00e9. L\u2019histoire de l\u2019art, qui \u00e9tait pr\u00e9c\u00e9demment et dans les universit\u00e9s classiques la discipline majeure ne figure que marginalement mais elle est incluse dans nombre de cours. La notion de \u00ab\u00a0sciences de l\u2019art\u00a0\u00bb vient recouvrir les diverses approches th\u00e9oriques et exp\u00e9rimentales et s\u2019associe \u00e0 l\u2019esth\u00e9tique, elle aussi assez largement renouvel\u00e9e. La plupart des enseignements, dans la premi\u00e8re moiti\u00e9 des ann\u00e9es 70 au moins, affirment leur implication sociale, politique et id\u00e9ologique, la facult\u00e9 de Vincennes \u00e9tant tr\u00e8s fortement marqu\u00e9e par les id\u00e9es politiques issues de mai 1968.<\/p>\n<p><a href=\"https:\/\/www.rvdv.net\/vincennes\/wp-content\/uploads\/sites\/5\/2015\/01\/vincennes-colloque-1980-montage-1800.jpg\" data-rel=\"lightbox-image-1\" data-imagelightbox=\"1\" data-rl_title=\"\" data-rl_caption=\"\" title=\"\"><img loading=\"lazy\" decoding=\"async\" class=\"alignnone size-full wp-image-989\" src=\"https:\/\/www.rvdv.net\/vincennes\/wp-content\/uploads\/sites\/5\/2015\/01\/vincennes-colloque-1980-montage-1800.jpg\" alt=\"vincennes-colloque-1980-montage-1800\" width=\"640\" height=\"427\" srcset=\"https:\/\/www.rvdv.net\/vincennes\/wp-content\/uploads\/sites\/5\/2015\/01\/vincennes-colloque-1980-montage-1800.jpg 1800w, https:\/\/www.rvdv.net\/vincennes\/wp-content\/uploads\/sites\/5\/2015\/01\/vincennes-colloque-1980-montage-1800-300x200.jpg 300w, https:\/\/www.rvdv.net\/vincennes\/wp-content\/uploads\/sites\/5\/2015\/01\/vincennes-colloque-1980-montage-1800-1024x683.jpg 1024w, https:\/\/www.rvdv.net\/vincennes\/wp-content\/uploads\/sites\/5\/2015\/01\/vincennes-colloque-1980-montage-1800-768x512.jpg 768w, https:\/\/www.rvdv.net\/vincennes\/wp-content\/uploads\/sites\/5\/2015\/01\/vincennes-colloque-1980-montage-1800-1536x1024.jpg 1536w\" sizes=\"auto, (max-width: 640px) 100vw, 640px\" \/><\/a><br \/>\n<a href=\"https:\/\/www.rvdv.net\/vincennes\/wp-content\/uploads\/sites\/5\/2015\/01\/vincennes-colloque-1980-lt-mi-1800.jpg\" data-rel=\"lightbox-image-2\" data-imagelightbox=\"2\" data-rl_title=\"\" data-rl_caption=\"\" title=\"\"><img loading=\"lazy\" decoding=\"async\" class=\"alignnone size-full wp-image-988\" src=\"https:\/\/www.rvdv.net\/vincennes\/wp-content\/uploads\/sites\/5\/2015\/01\/vincennes-colloque-1980-lt-mi-1800.jpg\" alt=\"vincennes-colloque-1980-lt-mi-1800\" width=\"640\" height=\"427\" srcset=\"https:\/\/www.rvdv.net\/vincennes\/wp-content\/uploads\/sites\/5\/2015\/01\/vincennes-colloque-1980-lt-mi-1800.jpg 1800w, https:\/\/www.rvdv.net\/vincennes\/wp-content\/uploads\/sites\/5\/2015\/01\/vincennes-colloque-1980-lt-mi-1800-300x200.jpg 300w, https:\/\/www.rvdv.net\/vincennes\/wp-content\/uploads\/sites\/5\/2015\/01\/vincennes-colloque-1980-lt-mi-1800-1024x683.jpg 1024w, https:\/\/www.rvdv.net\/vincennes\/wp-content\/uploads\/sites\/5\/2015\/01\/vincennes-colloque-1980-lt-mi-1800-768x512.jpg 768w, https:\/\/www.rvdv.net\/vincennes\/wp-content\/uploads\/sites\/5\/2015\/01\/vincennes-colloque-1980-lt-mi-1800-1536x1024.jpg 1536w\" sizes=\"auto, (max-width: 640px) 100vw, 640px\" \/><\/a><br \/>\nColloque sur la cr\u00e9ativit\u00e9 avec Jo\u00ebl Stein, Frank Popper, Pierre Baqu\u00e9, \u00c9lodie Vitale, Jacques-Adelin Brutaru, 1980. Dispositif : tr\u00e8s grand \u00e9cran, projecteur de diapositive Kodak Carrousel, chaises Mulca, fauteuils Eames. Dans l&rsquo;amphith\u00e9\u00e2tre : Liliane Terrier, Maria Ivens.<\/p>\n<p>Photos \u00a9 Jean-Louis Boissier]]&gt;<\/p>\n","protected":false},"excerpt":{"rendered":"<p>Affiche de 1979 au moment de la mise en cause de Vincennes par le minist\u00e8re (atelier de s\u00e9rigraphie d&rsquo;Arts plastiques conduit par Rui Alberto). Le d\u00e9partement d\u2019arts du Centre universitaire exp\u00e9rimental de Vincennes est cr\u00e9\u00e9 initialement pour participer, avec plusieurs autres universit\u00e9s, \u00e0 inclusion de la formation des enseignants d\u2019arts plastiques et de musique dans &hellip; <a href=\"https:\/\/www.rvdv.net\/vincennes\/les-arts-a-la-faculte-de-vincennes\/\" class=\"more-link\">Continuer la lecture de <span class=\"screen-reader-text\">06. Les arts \u00e0 la facult\u00e9 de Vincennes<\/span><\/a><\/p>\n","protected":false},"author":2,"featured_media":0,"parent":0,"menu_order":0,"comment_status":"closed","ping_status":"open","template":"","meta":{"footnotes":""},"class_list":["post-13","page","type-page","status-publish","hentry"],"_links":{"self":[{"href":"https:\/\/www.rvdv.net\/vincennes\/wp-json\/wp\/v2\/pages\/13","targetHints":{"allow":["GET"]}}],"collection":[{"href":"https:\/\/www.rvdv.net\/vincennes\/wp-json\/wp\/v2\/pages"}],"about":[{"href":"https:\/\/www.rvdv.net\/vincennes\/wp-json\/wp\/v2\/types\/page"}],"author":[{"embeddable":true,"href":"https:\/\/www.rvdv.net\/vincennes\/wp-json\/wp\/v2\/users\/2"}],"replies":[{"embeddable":true,"href":"https:\/\/www.rvdv.net\/vincennes\/wp-json\/wp\/v2\/comments?post=13"}],"version-history":[{"count":2,"href":"https:\/\/www.rvdv.net\/vincennes\/wp-json\/wp\/v2\/pages\/13\/revisions"}],"predecessor-version":[{"id":1802,"href":"https:\/\/www.rvdv.net\/vincennes\/wp-json\/wp\/v2\/pages\/13\/revisions\/1802"}],"wp:attachment":[{"href":"https:\/\/www.rvdv.net\/vincennes\/wp-json\/wp\/v2\/media?parent=13"}],"curies":[{"name":"wp","href":"https:\/\/api.w.org\/{rel}","templated":true}]}}