{"id":1422,"date":"2018-03-09T10:14:57","date_gmt":"2018-03-09T10:14:57","guid":{"rendered":"http:\/\/www.rvdv.net\/vincennes\/?page_id=1422"},"modified":"2024-07-18T10:04:35","modified_gmt":"2024-07-18T08:04:35","slug":"alice-lenay-marcher-dans-luniversite-de-vincennes-a-saint-denis","status":"publish","type":"page","link":"https:\/\/www.rvdv.net\/vincennes\/parcours-performance\/alice-lenay-marcher-dans-luniversite-de-vincennes-a-saint-denis\/","title":{"rendered":"T\u00e9moignages audio du parcours-performance"},"content":{"rendered":"<p><a href=\"http:\/\/alicelenay.com\/PROJET-DE-RECHERCHE\" rel=\"attachment wp-att-1439\"><img loading=\"lazy\" decoding=\"async\" class=\"alignnone wp-image-1439\" src=\"https:\/\/www.rvdv.net\/vincennes\/wp-content\/uploads\/sites\/5\/2018\/03\/alice_Lenay.jpg\" alt=\"\" width=\"140\" height=\"140\" srcset=\"https:\/\/www.rvdv.net\/vincennes\/wp-content\/uploads\/sites\/5\/2018\/03\/alice_Lenay.jpg 628w, https:\/\/www.rvdv.net\/vincennes\/wp-content\/uploads\/sites\/5\/2018\/03\/alice_Lenay-300x300.jpg 300w, https:\/\/www.rvdv.net\/vincennes\/wp-content\/uploads\/sites\/5\/2018\/03\/alice_Lenay-150x150.jpg 150w\" sizes=\"auto, (max-width: 140px) 100vw, 140px\" \/><\/a><\/p>\n<p>\u00ab Dans la for\u00eat de Vincennes et dans les couloirs de Saint Denis, la nouvelle g\u00e9n\u00e9ration d&rsquo;\u00e9tudiants s&rsquo;interrogent sur les racines de leur universit\u00e9. Que pouvons nous faire de Vincennes dans Saint Denis ? Entre ce que les anciens racontent et ce que les nouveaux entendent, les informations, les id\u00e9es et les fantasmes voyagent d&rsquo;un lieu \u00e0 l&rsquo;autre. \u00bb<\/p>\n<p>Ce montage audio de 13 minutes, r\u00e9unit des t\u00e9moignages d&rsquo;\u00e9tudiants recueillis par Alice Lenay apr\u00e8s la promenade-performance de Jean-Louis Boissier et Liliane Terrier, sur les traces du Centre universitaire exp\u00e9rimental de Vincennes, le 30 mars 2015.<\/p>\n<p>\u00c9couter la bande sur :<br \/>\n<a href=\"http:\/\/files.cargocollective.com\/578210\/Alice-Lenay-De-Vincennes-a--Saint-Denis.mp3\">http:\/\/files.cargocollective.com\/578210\/Alice-Lenay-De-Vincennes-a&#8211;Saint-Denis.mp3<\/a><\/p>\n<p>&nbsp;<\/p>\n","protected":false},"excerpt":{"rendered":"<p>\u00ab Dans la for\u00eat de Vincennes et dans les couloirs de Saint Denis, la nouvelle g\u00e9n\u00e9ration d&rsquo;\u00e9tudiants s&rsquo;interrogent sur les racines de leur universit\u00e9. Que pouvons nous faire de Vincennes dans Saint Denis ? Entre ce que les anciens racontent et ce que les nouveaux entendent, les informations, les id\u00e9es et les fantasmes voyagent d&rsquo;un &hellip; <a href=\"https:\/\/www.rvdv.net\/vincennes\/parcours-performance\/alice-lenay-marcher-dans-luniversite-de-vincennes-a-saint-denis\/\" class=\"more-link\">Continuer la lecture de <span class=\"screen-reader-text\">T\u00e9moignages audio du parcours-performance<\/span><\/a><\/p>\n","protected":false},"author":2,"featured_media":0,"parent":1121,"menu_order":3,"comment_status":"closed","ping_status":"closed","template":"","meta":{"footnotes":""},"class_list":["post-1422","page","type-page","status-publish","hentry"],"_links":{"self":[{"href":"https:\/\/www.rvdv.net\/vincennes\/wp-json\/wp\/v2\/pages\/1422","targetHints":{"allow":["GET"]}}],"collection":[{"href":"https:\/\/www.rvdv.net\/vincennes\/wp-json\/wp\/v2\/pages"}],"about":[{"href":"https:\/\/www.rvdv.net\/vincennes\/wp-json\/wp\/v2\/types\/page"}],"author":[{"embeddable":true,"href":"https:\/\/www.rvdv.net\/vincennes\/wp-json\/wp\/v2\/users\/2"}],"replies":[{"embeddable":true,"href":"https:\/\/www.rvdv.net\/vincennes\/wp-json\/wp\/v2\/comments?post=1422"}],"version-history":[{"count":4,"href":"https:\/\/www.rvdv.net\/vincennes\/wp-json\/wp\/v2\/pages\/1422\/revisions"}],"predecessor-version":[{"id":1896,"href":"https:\/\/www.rvdv.net\/vincennes\/wp-json\/wp\/v2\/pages\/1422\/revisions\/1896"}],"up":[{"embeddable":true,"href":"https:\/\/www.rvdv.net\/vincennes\/wp-json\/wp\/v2\/pages\/1121"}],"wp:attachment":[{"href":"https:\/\/www.rvdv.net\/vincennes\/wp-json\/wp\/v2\/media?parent=1422"}],"curies":[{"name":"wp","href":"https:\/\/api.w.org\/{rel}","templated":true}]}}