{"id":344,"date":"2015-02-21T21:54:12","date_gmt":"2015-02-21T21:54:12","guid":{"rendered":"http:\/\/www.rvdv.net\/vincennes\/?page_id=344"},"modified":"2024-07-17T21:40:09","modified_gmt":"2024-07-17T19:40:09","slug":"lecole-freinet-au-prioulet-un-bauhaus-enfantin","status":"publish","type":"page","link":"https:\/\/www.rvdv.net\/vincennes\/latelier-de-linogravure\/freinet-et-la-linogravure\/lecole-freinet-au-prioulet-un-bauhaus-enfantin\/","title":{"rendered":"L&rsquo;\u00e9cole Freinet, un Bauhaus enfantin"},"content":{"rendered":"<p><strong>Jean-Pierre Pagliano. France Culture 7 et 14 octobre 1993. \u00c9mission: Profils perdus. <em>C\u00e9lestin Freinet 1896 1966<\/em><\/strong><\/p>\n<p>Extraits retranscrits des \u00e9changes entre Jean-Pierre Pagliano et Madeleine Freinet, la fille D&rsquo;\u00c9lise et C\u00e9lestin Freinet, Jacques Bens, \u00e9crivain oulipien, son mari, et Ren\u00e9 Bill\u00e9, un ancien \u00e9l\u00e8ve de l&rsquo;\u00e9cole. Les enregistrements de ces deux \u00e9missions sont disponibles en ligne (1).<\/p>\n<p><img loading=\"lazy\" decoding=\"async\" class=\"size-full wp-image-363\" title=\"\" src=\"https:\/\/www.rvdv.net\/vincennes\/wp-content\/uploads\/sites\/5\/2015\/02\/planP.jpg\" alt=\"planP\" width=\"640\" height=\"476\" srcset=\"https:\/\/www.rvdv.net\/vincennes\/wp-content\/uploads\/sites\/5\/2015\/02\/planP.jpg 640w, https:\/\/www.rvdv.net\/vincennes\/wp-content\/uploads\/sites\/5\/2015\/02\/planP-300x223.jpg 300w\" sizes=\"auto, (max-width: 640px) 100vw, 640px\" \/><\/p>\n<p><img loading=\"lazy\" decoding=\"async\" class=\"alignnone size-full wp-image-356\" src=\"https:\/\/www.rvdv.net\/vincennes\/wp-content\/uploads\/sites\/5\/2015\/02\/f29_a.jpg\" alt=\"f29_a\" width=\"640\" height=\"498\" srcset=\"https:\/\/www.rvdv.net\/vincennes\/wp-content\/uploads\/sites\/5\/2015\/02\/f29_a.jpg 640w, https:\/\/www.rvdv.net\/vincennes\/wp-content\/uploads\/sites\/5\/2015\/02\/f29_a-300x233.jpg 300w\" sizes=\"auto, (max-width: 640px) 100vw, 640px\" \/><\/p>\n<p><img loading=\"lazy\" decoding=\"async\" class=\"alignnone size-full wp-image-359\" src=\"https:\/\/www.rvdv.net\/vincennes\/wp-content\/uploads\/sites\/5\/2015\/02\/f29_03.jpg\" alt=\"f29_03\" width=\"640\" height=\"471\" srcset=\"https:\/\/www.rvdv.net\/vincennes\/wp-content\/uploads\/sites\/5\/2015\/02\/f29_03.jpg 640w, https:\/\/www.rvdv.net\/vincennes\/wp-content\/uploads\/sites\/5\/2015\/02\/f29_03-300x221.jpg 300w\" sizes=\"auto, (max-width: 640px) 100vw, 640px\" \/><\/p>\n<p>L&rsquo;\u00e9cole Freinet, sur la colline du Pioulier, \u00e0 Vence. Documents Drac-Paca (2)<\/p>\n<p>\u00c1 partir de 1935, l&rsquo;\u00e9cole priv\u00e9e Freinet, c&rsquo;est un ensemble de b\u00e2timents cr\u00e9\u00e9 de toutes pi\u00e8ces par les Freinet et des artisans locaux de Vence, sur la colline du Pioulier, en pleine nature, et qui fonctionne sur un mode n\u00e9o-bauhaussien: les jeunes \u00e9l\u00e8ves pensionnaires constituent avec leurs enseignants, le couple Freinet, une micro-soci\u00e9t\u00e9 intellectuelle\u00a0 et artistique qui vit dans une quasi-pauvret\u00e9 pastorale, jusqu&rsquo;en 1940. L&rsquo;\u00e9cole r\u00e9-ouvrira apr\u00e8s la guerre. Jacques Bens collabore avec Freinet dans les ann\u00e9es cinquante jusqu&rsquo;\u00e0 sa mort en 1966, notamment dans le travail d&rsquo;\u00e9dition de la CEL, Coop\u00e9rative de l&rsquo;Enseignement La\u00efque, \u00e0 Cannes.<br \/>\n<span style=\"color: #ffffff;\">\u2022\u2022<\/span><\/p>\n<p>Extraits retranscrits de la premi\u00e8re \u00e9mission \u00abProfils perdus\u00bb, <em>C\u00e9lestin Freinet, 1896-1966<\/em>,\u00a0 17 octobre 1993.<\/p>\n<p>La parole de Jacques Bens ouvre cette premi\u00e8re s\u00e9quence.<br \/>\nJacques Bens :<br \/>\n\u00abToute la p\u00e9dagogie de Freinet est une p\u00e9dagogie humaniste. Ce n&rsquo;est pas pour rien qu&rsquo;on peut la consid\u00e9rer comme la seule p\u00e9dagogie r\u00e9ellement socialiste au sens le plus originel du mot socialiste parce que c&rsquo;est une p\u00e9dagogie qui est enti\u00e8rement tourn\u00e9e vers une soci\u00e9t\u00e9 en progr\u00e8s.\u00bb<\/p>\n<p>Jean-Pierre Pagliano :<br \/>\n\u00abTous les enseignants m\u00eame les moins\u00a0 vers\u00e9s dans les pratiques modernes connaissent peu ou prou les m\u00e9thodes Freinet et le nom de cet instituteur novateur cr\u00e9ateur d&rsquo;une \u00e9cole qui a largement fait \u00e9cole. Au-del\u00e0 du mouvement Freinet et de ses adeptes, au-del\u00e0 des outils qu&rsquo;il a mis au point voici une soixantaine d&rsquo;ann\u00e9es [on est en 1993], le texte libre et l&rsquo;imprimerie \u00e0 l&rsquo;\u00e9cole, la biblioth\u00e8que de travail, les fiches auto-correctrices, la correspondance inter scolaire, la p\u00e9dagogie propos\u00e9e par C\u00e9lestin Freinet a impr\u00e9gn\u00e9 des g\u00e9n\u00e9rations d&rsquo;\u00e9ducateurs \u00e0 l&rsquo;\u00e9coute des enfants. Des \u00e9ducateurs se reconnaissent ou se reconna\u00eetront dans cette strat\u00e9gie de d\u00e9couverte et d&rsquo;apprentissage, de lib\u00e9ration et d&rsquo;organisation. Cela dit, nous n&rsquo;avons pas l&rsquo;intention de d\u00e9velopper un discours de la m\u00e9thode, une <span style=\"color: #ff0000;\">m\u00e9thode<\/span> que Freinet qualifiait de <span style=\"color: #ff0000;\">naturelle<\/span>. Il s&rsquo;agit de retracer ici un itin\u00e9raire d&rsquo;un homme d&rsquo;une famille&#8230; Nous nous rendrons \u00e0 Vence dans l&rsquo;\u00e9cole-r\u00e9f\u00e9rence qui existe depuis 1935. En fait l&rsquo;aventure de C\u00e9lestin Freinet avait commenc\u00e9 bien avant, comme le raconte \u00c9lise son \u00e9pouse, dans un ouvrage \u00e9dit\u00e9 chez Maspero, <a href=\"http:\/\/www.persee.fr\/web\/revues\/home\/prescript\/article\/rfp_0556-7807_1976_num_34_1_2089_t1_0058_0000_1\" target=\"_blank\" rel=\"noopener\"><em>L&rsquo;\u00e9cole Freinet r\u00e9serve d&rsquo;enfants<\/em><\/a>. Aujourd&rsquo;hui c&rsquo;est leur fille qui retrace l&rsquo;histoire.\u00bb<\/p>\n<p>Madeleine Freinet :<br \/>\n\u00abFreinet a \u00e9t\u00e9 nomm\u00e9 \u00e0 <a href=\"http:\/\/temoignage.barre.pagesperso-orange.fr\/media\/fichiers\/Biog_2_Freinet_a_Bar_1920-28.pdf\" target=\"_blank\" rel=\"noopener\">Bar-sur-Loup<\/a> en 1920. Il a commenc\u00e9 \u00e0 faire l&rsquo;\u00e9cole comme on le lui avait enseign\u00e9 \u00e0 l&rsquo;\u00e9cole normale. Il s&rsquo;ennuyait. [&#8230;] Le d\u00e9part d&rsquo;une nouvelle p\u00e9dagogie pour lui, ce furent les <span style=\"color: #ff0000;\">classes promenades<\/span>. Les enfants sortaient de l&rsquo;\u00e9cole. En sortant les enfants\u00a0 Freinet s&rsquo;est aper\u00e7u de toute la richesse que pouvait avoir un petit village. Les enfants \u00e9taient sensibles \u00e0 la nature, aux changements de saison. Au retour des promenades, il se rendait compte que rien ne subsistait de ces promenades. Il a pens\u00e9 \u00e0 trouver quelque chose qui p\u00e9renniserait ces promenades, qu&rsquo;il a enrichies par des visites dans le village, chez le tisserand, le sabotier. Il a eu l&rsquo;id\u00e9e de l&rsquo;imprimerie. Il a commenc\u00e9 \u00e0 imprimer des petits textes et les enfants en \u00e9taient fous. Les premiers journaux scolaires de Bar-sur-Loup sont imprim\u00e9s au dos de bulletins \u00e9lectoraux. Ce qui lui a fait quelques ennuis. Il allait \u00e0 Grasse par le petit tram faire ses courses. [&#8230;] J&rsquo;ai d\u00e9couvert qu&rsquo;il avait \u00e9crit sur une liste d&rsquo;achat: \u00abvoir papier WC pour imprimerie\u00bb.<br \/>\nIl prend contact avec les \u00e9coles nouvelles de Gen\u00e8ve et de Hambourg. Toutes ses vacances se passaient en congr\u00e8s. Il rencontre Barbusse qui avait une maison dans le Var et lui a propos\u00e9 d&rsquo;\u00e9crire dans <em>Clart\u00e9<\/em>, puis dans <em>L&rsquo;\u00e9cole \u00e9mancip\u00e9e<\/em>. Il a commenc\u00e9 a \u00eatre connu par ses articles dans <em>Clart\u00e9<\/em>. Il conna\u00eet \u00c9lise, artiste et praticienne de la gravure par Barbusse.<br \/>\n\u00c9lise et lui restent 8 ans \u00e0 Bar-sur-Loup.\u00a0\u00c9lise n&rsquo;a pas de poste. Puis ils vont \u00e0 Saint Paul de Vence. Ils ont des probl\u00e8mes financiers. Ils emprunteront de l&rsquo;argent pour construire le premier immeuble du Pioulier, puis l&rsquo;hypoth\u00e8queront pour construire le second b\u00e2timent. Mes parents avaient d&rsquo;abord lou\u00e9 cette propri\u00e9t\u00e9 puis ils l&rsquo;ont achet\u00e9e pour cr\u00e9er la premi\u00e8re \u00ab\u00e9cole prol\u00e9tarienne\u00bb. Le premier \u00e9l\u00e8ve est arriv\u00e9 en 1934.\u00a0 On cr\u00e9e un dortoir avec un toit de t\u00f4le. Je me souviens qu&rsquo;\u00e0 c\u00f4t\u00e9 de la porte, il y avait un banc, une presse, les caract\u00e8res typographiques. Tous les enfants appellent \u00c9lise et C\u00e9lestin, maman, papa. Ma grand-m\u00e8re, ancienne institutrice, est l\u00e0 aussi. Ils lui construisent une petite maison. Il y avait une proportion importante d&rsquo;orphelins parmi les \u00e9l\u00e8ves. Des enfants espagnols r\u00e9fugi\u00e9s arrivent dans cette p\u00e9riode. L&rsquo;environnement de la colline du Pioulier au-dessus de la rivi\u00e8re la Cagne \u00e9tait tr\u00e8s agr\u00e9able. On \u00e9tait bien avec tous les paysans proches qui cultivaient des fleurs. Le r\u00e9gime alimentaire au Pioulier, est v\u00e9g\u00e9tarien, avec bains dans la piscine en plein air de l&rsquo;\u00e9cole.<\/p>\n<p><a href=\"https:\/\/www.rvdv.net\/vincennes\/wp-content\/uploads\/sites\/5\/2015\/02\/ecole-Freinet-014.jpg\" data-rel=\"lightbox-image-0\" data-imagelightbox=\"0\" data-rl_title=\"\" data-rl_caption=\"\" title=\"\"><img loading=\"lazy\" decoding=\"async\" class=\"alignnone wp-image-474\" src=\"https:\/\/www.rvdv.net\/vincennes\/wp-content\/uploads\/sites\/5\/2015\/02\/ecole-Freinet-014.jpg\" alt=\"ecole Freinet 014\" width=\"640\" height=\"471\" srcset=\"https:\/\/www.rvdv.net\/vincennes\/wp-content\/uploads\/sites\/5\/2015\/02\/ecole-Freinet-014.jpg 932w, https:\/\/www.rvdv.net\/vincennes\/wp-content\/uploads\/sites\/5\/2015\/02\/ecole-Freinet-014-300x221.jpg 300w, https:\/\/www.rvdv.net\/vincennes\/wp-content\/uploads\/sites\/5\/2015\/02\/ecole-Freinet-014-768x565.jpg 768w\" sizes=\"auto, (max-width: 640px) 100vw, 640px\" \/><\/a><br \/>\nLa piscine au Pioulier, premi\u00e8re p\u00e9riode avant 1940.<\/p>\n<p>Jean-Pierre Pagliano rencontre Roger Bill\u00e9*, ancien \u00e9l\u00e8ve, arriv\u00e9 lui en 1948. Il a 11 ans. Il vient d&rsquo;un village de Charente maritime, malade, envoy\u00e9 par sa belle-m\u00e8re, institutrice Freinet, pour qu&rsquo;il se r\u00e9tablisse par une vie au grand air. Il reste trois ans dans sa nouvelle cellule familiale.<\/p>\n<p>Roger Bill\u00e9 :<br \/>\n\u00abCe sont des ann\u00e9es de bonheur. Freinet est un paysan, il avait une bonne t\u00eate, grand bless\u00e9 de la guerre de 14, marqu\u00e9 dans sa chair. Plusieurs \u00e9clats d&rsquo;obus dans le dos l&rsquo;avait contraint \u00e0 une hospitalisation d&rsquo;un an. Il avait des cheveux coup\u00e9s un peu comme Buffalo Bill, un peu plus court et tout droit derri\u00e8re sur la nuque. Il avait beaucoup d&rsquo;allure et se d\u00e9gageait de lui une force, une bont\u00e9 et beaucoup d&rsquo;intelligence. De cette blessure pendant la guerre, il avait gard\u00e9 une grande hygi\u00e8ne corporelle. Tous les matins, il se frictionnait \u00e0 l&rsquo;eau froide dans la cour, faisait sa gymnastique. Avec \u00c9lise, il se compl\u00e9tait bien. C&rsquo;\u00e9tait une femme fine belle et diaphane, tr\u00e8s blanche de peau. Il se d\u00e9gageait d&rsquo;elle une tr\u00e8s forte personnalit\u00e9.\u00a0\u00bb<\/p>\n<p><a href=\"https:\/\/www.rvdv.net\/vincennes\/wp-content\/uploads\/sites\/5\/2015\/02\/ecole-Freinet-001.jpg\" data-rel=\"lightbox-image-1\" data-imagelightbox=\"1\" data-rl_title=\"\" data-rl_caption=\"\" title=\"\"><img loading=\"lazy\" decoding=\"async\" class=\"alignnone wp-image-476\" src=\"https:\/\/www.rvdv.net\/vincennes\/wp-content\/uploads\/sites\/5\/2015\/02\/ecole-Freinet-001.jpg\" alt=\"ecole Freinet 001\" width=\"401\" height=\"640\" srcset=\"https:\/\/www.rvdv.net\/vincennes\/wp-content\/uploads\/sites\/5\/2015\/02\/ecole-Freinet-001.jpg 960w, https:\/\/www.rvdv.net\/vincennes\/wp-content\/uploads\/sites\/5\/2015\/02\/ecole-Freinet-001-188x300.jpg 188w, https:\/\/www.rvdv.net\/vincennes\/wp-content\/uploads\/sites\/5\/2015\/02\/ecole-Freinet-001-642x1024.jpg 642w, https:\/\/www.rvdv.net\/vincennes\/wp-content\/uploads\/sites\/5\/2015\/02\/ecole-Freinet-001-768x1226.jpg 768w\" sizes=\"auto, (max-width: 401px) 100vw, 401px\" \/><\/a><br \/>\nC\u00e9lestin, \u00c9lise et Madeleine Freinet n\u00e9e en 1929. Au Pioulier, premi\u00e8re p\u00e9riode avant 1940.<\/p>\n<p>Extraits de la deuxi\u00e8me partie 14 octobre 1993<\/p>\n<p><strong>Freinet vu par Jacques Bens<\/strong><\/p>\n<p>Jacques Bens :<br \/>\n\u00abComme beaucoup de gens dont la personnalit\u00e9 est assez riche, c&rsquo;est quelqu&rsquo;un qui avait des aspects diff\u00e9rents selon les circonstances, il n&rsquo;\u00e9tait pas pareil en famille, avec les enfants de son \u00e9cole et en congr\u00e8s. Au d\u00e9part, c&rsquo;est un homme d&rsquo;une immense simplicit\u00e9 et d&rsquo;une immense modestie. \u00c7a a l&rsquo;air curieux de dire \u00e7a pour quelqu&rsquo;un qui est devenu leader. En fait il ne souhaitait pas devenir leader. Il est devenu leader d&rsquo;un mouvement d&rsquo;\u00e9cole moderne qu&rsquo;il a cr\u00e9\u00e9 parce que c&rsquo;\u00e9tait le moyen de r\u00e9aliser un certain nombre de choses qu&rsquo;il voulait faire. Il \u00e9tait modeste mais pas humble. Il avait le sens de ce qu&rsquo;il avait d\u00e9couvert. Il \u00e9tait rest\u00e9 tr\u00e8s proche de son enfance paysanne. Tr\u00e8s simple dans sa mani\u00e8re de vivre, ses v\u00eatements etc. Sur le plan de la vie un peu plus publique, d\u00e9j\u00e0 dans l&rsquo;\u00e9cole c&rsquo;est un homme qui avait un charisme extraordinaire. Aupr\u00e8s des enfants il avait une tr\u00e8s grande r\u00e9ussite. Il r\u00e9ussissait \u00e0 tenir l&rsquo;attention de la part de milliers d&rsquo;instituteurs. On pouvait ressentir une grande aura d&rsquo;affection autour de lui, dans un congr\u00e8s de 1200 personnes.\u00a0 Il ne faisait pas ma\u00eetre. Il avait un refus assez grand de l&rsquo;autorit\u00e9 qui lui venait de sa jeunesse anarchiste. Il se voyait comme l&rsquo;ouvrier sur son \u00e9tabli. \u00bb<\/p>\n<p>Jean-Pierre Pagliano :<br \/>\n\u00ab \u00c0 la veille de sa mort, il a r\u00e9ussi parce que sa p\u00e9dagogie rayonne sur plusieurs continents. \u00bb<\/p>\n<p>Jacques Bens :<br \/>\n\u00ab Freinet entre au parti communiste, assez t\u00f4t, avant la deuxi\u00e8me guerre. Il a toujours men\u00e9 une vie de militant. Apr\u00e8s la guerre, il a \u00e9t\u00e9 victime d&rsquo;attaques calomnieuses de la part des officiels du parti communiste, on lui a reproch\u00e9 d&rsquo;\u00eatre all\u00e9 faire des conf\u00e9rences en Allemagne pendant la guerre (3)<em>, <\/em>puis on l&rsquo;a attaqu\u00e9 sur sa p\u00e9dagogie &lsquo;bourgeoise et r\u00e9actionnaire&rsquo; dans la revue <em>La Nouvelle Critique <\/em>(4)<em>.<\/em> On n&rsquo;a jamais compris pourquoi, parce qu&rsquo;il a toujours eu une conduite exemplaire comme militant. Il se d\u00e9fendait dans le journal <em>L&rsquo;\u00e9ducateur<\/em>, il ne cessait d&rsquo;affirmer sa fid\u00e9lit\u00e9 \u00e0 la cause. Ses camarades ven\u00e7ois lui ont tourn\u00e9 le dos du jour au lendemain. R\u00e9sistant, Freinet l&rsquo;a \u00e9t\u00e9, il a dirig\u00e9 le maquis de Gap. Une partie des r\u00e9sistants a \u00e9t\u00e9 vir\u00e9e du Parti Communiste apr\u00e8s 1945. Le fond de la chose c&rsquo;est que la p\u00e9dagogie de Freinet \u00e9tait incompatible avec un r\u00e9gime stalinien. La clique de <em>La Nouvelle Critique<\/em> a pris la ligne du stalinisme. \u00c1 la mort de Freinet, Mme\u00a0Seclet-Riou \u00e0 fait un article sur l&rsquo;<em>Humanit\u00e9<\/em> tr\u00e8s dur (5).[&#8230;] \u00bb<\/p>\n<p>Jacques Bens :<br \/>\n\u00ab Au Pioulier, l&rsquo;\u00e9cole accueille les enfants r\u00e9fugi\u00e9s espagnols. Les probl\u00e8mes pos\u00e9s par l&rsquo;arriv\u00e9e des enfants espagnols\u00a0 est un simple probl\u00e8me de pauvret\u00e9 mat\u00e9rielle de mis\u00e8re quotidienne car dans une \u00e9cole qui n&rsquo;est pas riche qui n&rsquo;a que tr\u00e8s peu de ressources arrivent 25 enfants qui n&rsquo;ont absolument aucune ressource et qu&rsquo;il faut nourrir, habiller, chauffer. \u00c7a c&rsquo;est une premi\u00e8re chose. Certains des amis de Freinet, ceux du mouvement, pris par l&rsquo;enthousiasme, ont commenc\u00e9 par les aider au d\u00e9but puis au bout de trois ou quatre mois se sont lass\u00e9s et les Freinet se sont retrouv\u00e9s tout seuls. L&rsquo;autre chose \u00e0 laquelle on a moins pr\u00eat\u00e9 garde est que ces enfant venaient de banlieues mis\u00e9rables de Barcelone. C&rsquo;\u00e9tait des enfants assez fortement inadapt\u00e9s \u00e0 la vie sociale qui ne parlaient pas fran\u00e7ais et qu&rsquo;il \u00e9tait presque impossible d&rsquo;int\u00e9grer dans la petite collectivit\u00e9 tr\u00e8s fragile. \u00bb<\/p>\n<p><span style=\"color: #ffffff;\">\u2022<\/span><\/p>\n<p><strong>Quel regard porter en 1993 sur la p\u00e9dagogie Freinet ?<\/strong><\/p>\n<p>Jean-Pierre Pagliano :<br \/>\n\u00ab Jacques Bens, vous \u00eates arriv\u00e9 adolescent dans l&rsquo;\u00e9cole Freinet. Vous avez travaill\u00e9 avec eux dans l&rsquo;\u00e9cole avant de travailler dans la maison d&rsquo;\u00e9dition. Quel regard portez-vous aujourd&rsquo;hui sur la p\u00e9dagogie Freinet ? \u00bb<\/p>\n<p>Jacques Bens :<br \/>\n\u00ab Mon point de vue n&rsquo;a pas chang\u00e9 depuis 40 ans et je pense qu&rsquo;il ne changera pas jusqu&rsquo;\u00e0 ce que je disparaisse [Jacques Bens dispara\u00eet en 2001, Madeleine en 2007]. Simplement, on peut consid\u00e9rer qu&rsquo;il est un peu subjectif. Je pense avec un certain nombre de gens que Freinet est le p\u00e9dagogue le plus important du 20e si\u00e8cle. Il n&rsquo;est pas le seul, il a trouv\u00e9 des sources \u00e0 sa r\u00e9flexion, mais sur le plan des r\u00e9sultats, c&rsquo;est certainement le p\u00e9dagogue qui a cr\u00e9\u00e9 le syst\u00e8me \u00e9ducatif le plus important et qui, \u00e0 mon avis, n&rsquo;est pas d\u00e9mod\u00e9. Ce syst\u00e8me est toujours appliqu\u00e9, mais je pense qu&rsquo;il pourrait \u00eatre appliqu\u00e9 d&rsquo;une mani\u00e8re plus large, revendiqu\u00e9 d&rsquo;une mani\u00e8re plus large et plus officielle, davantage recommand\u00e9 dans des instituts de formation. Freinet n&rsquo;a pas \u00e9t\u00e9 d\u00e9pass\u00e9 sur ce plan-l\u00e0. Il ne sera d\u00e9pass\u00e9 que quand les conditions de nos soci\u00e9t\u00e9s auront profond\u00e9ment chang\u00e9. Les conditions de vie dans notre soci\u00e9t\u00e9, m\u00eame si certains aspects sociaux se sont modifi\u00e9s, sont pratiquement les m\u00eames qu&rsquo;il y a un demi-si\u00e8cle. La p\u00e9dagogie Freinet est toujours valable, le seul changement notable qui n&rsquo;est pas suffisant pour jeter un doute sur sa p\u00e9dagogie, c&rsquo;est l&rsquo;urbanisation de notre pays. Quand Freinet a commenc\u00e9 \u00e0 travailler, la France \u00e9tait un pays beaucoup plus rural. L&rsquo;urbanisation cr\u00e9e d&rsquo;autres relations entre l&rsquo;enfant et le monde ext\u00e9rieur. M\u00eame dans ce contexte, je pense que la p\u00e9dagogie Freinet a toujours une place primordiale. \u00bb<\/p>\n<p>Jean-Pierre Pagliano :<br \/>\n\u00ab Parmi les sources, les influences que Freinet a re\u00e7ues, il y a eu Decroly (6) \u00e0 la premi\u00e8re place ? \u00bb<\/p>\n<p>Jacques Bens<br \/>\n\u00ab Il y a plusieurs p\u00e9dagogues sur lesquels il a r\u00e9fl\u00e9chi. Il se trouve qu&rsquo;\u00e0 la fin du 19e et au d\u00e9but du 20\u00e8me si\u00e8cle, la r\u00e9flexion p\u00e9dagogique s&rsquo;est beaucoup d\u00e9velopp\u00e9 en Europe, en Belgique avec Decroly, en Suisse avec Clapar\u00e8de et Ferri\u00e8re, en Allemagne aussi, en Italie avec Montessori qui elle faisait une p\u00e9dagogie pour les maternelles. Freinet s&rsquo;int\u00e9ressait \u00e0 tout cela, il a lu, particip\u00e9 \u00e0 des congr\u00e8s, visit\u00e9 des \u00e9coles allemandes notamment. Sa r\u00e9flexion a plong\u00e9 l\u00e0-dedans. Sa p\u00e9dagogie ne na\u00eet pas de rien. Elle\u00a0na\u00eet \u00e0 la fois d&rsquo;une exp\u00e9rience personnelle de cette vie d&rsquo;enfant de paysan pauvre mais aussi du travail des autres.<br \/>\nCe qu&rsquo;il a trouv\u00e9 chez Decroly, c&rsquo;est l&rsquo;id\u00e9e d&rsquo;un travail collectif, d&rsquo;une collectivisation du travail. Et ce qu&rsquo;il a trouv\u00e9 chez les Allemands, c&rsquo;est l&rsquo;id\u00e9e de l&rsquo;\u00e9ducation par le travail mais ce n&rsquo;\u00e9tait pas la m\u00eame, les Allemands avaient pens\u00e9 que le travail manuel \u00e9tait un \u00e9l\u00e9ment important de l&rsquo;\u00e9ducation, ce que Freinet pensait aussi, mais lui \u00e9largit le champ, en disant il n&rsquo;y a pas d&rsquo;\u00e9ducation sans travail et pas seulement manuel. Le travail intellectuel est aussi un facteur d&rsquo;\u00e9ducation.<br \/>\nSon livre <em>L&rsquo;\u00c9ducation du travail<\/em> qui g\u00e9n\u00e9ralise cette id\u00e9e est bien \u00e0 lui. Il a su synth\u00e9tiser ce qu&rsquo;il a trouv\u00e9. C&rsquo;est un ouvrage \u00e0 la fois th\u00e9orique et pratique qui montre comment les enseignants peuvent tirer parti de la vie autour d&rsquo;eux, peuvent tirer des enseignements de la vie, c&rsquo;est une fa\u00e7on qu&rsquo;il a d&rsquo;expliquer qu&rsquo;il est parfois plus int\u00e9ressant de tirer l&rsquo;exp\u00e9rience de la vie et notamment de la vie sociale que des livres.<br \/>\nC&rsquo;est la premi\u00e8re fois qu&rsquo;il \u00e9crit d&rsquo;une mani\u00e8re assez large qu&rsquo;il faut sortir de la culture livresque. Il ne cherche pas \u00e0 jouer les intellectuels mais quand on y r\u00e9fl\u00e9chit c&rsquo;est quand m\u00eame d&rsquo;une grande r\u00e9flexion intellectuelle. C&rsquo;est un livre que je trouve remarquable. Freinet a toujours eu le souci de s&rsquo;adresser\u00a0 aux gens qui n&rsquo;avaient pas une grande formation philosophique. Il a toujours dit qu&rsquo;il voulait \u00e9crire pour les instituteurs qui ne sont pas des gens incultes mais qui n&rsquo;ont pas forc\u00e9ment une formation philosophique de haut niveau et il a toujours souhait\u00e9 \u00e9crire d&rsquo;une mani\u00e8re a \u00eatre compris par tous.<br \/>\nAux yeux des universitaires, ses ouvrages ont pu appara\u00eetre un peu simplistes. C&rsquo;est une erreur d&rsquo;interpr\u00e9tation. Sous une forme simple, il dit des choses d&rsquo;une grande profondeur, d\u00e9j\u00e0 dans son livre\u00a0<em>L&rsquo;\u00e9ducation du travail. <\/em>C&rsquo;est<em>\u00a0<\/em>un ensemble de r\u00e9flexions ordonn\u00e9es, sur \u00e0 la fois l&rsquo;\u00e9ducation, c&rsquo;est-\u00e0-dire les besoins, les\u00a0 rapports des hommes et du monde, donc des enfants et du monde, l&rsquo;\u00e9ducation etc. Il \u00e9nonce un certain nombre d&rsquo;observations dont il tire des lois ou des r\u00e8gles qui lui permettent d&rsquo;avancer et d&rsquo;\u00e9tablir une th\u00e9orie de l&rsquo;apprentissage notamment et de la fa\u00e7on dont les enfants appr\u00e9hendent le monde, les connaissances etc. Ce qu&rsquo;il a ensuite d\u00e9velopp\u00e9 d&rsquo;une mani\u00e8re plus d\u00e9taill\u00e9e dans les trois volumes de <em>M\u00e9thodes naturelles sur l&rsquo;apprentissage de la lecture, du dessin, du calcul<\/em>. \u00bb<\/p>\n<p><a href=\"https:\/\/www.rvdv.net\/vincennes\/wp-pdf\/psychosensible.pdf\" target=\"_blank\" rel=\"noopener\"><img loading=\"lazy\" decoding=\"async\" class=\"alignnone wp-image-1185\" src=\"https:\/\/www.rvdv.net\/vincennes\/wp-content\/uploads\/sites\/5\/2015\/02\/psychologiefreinet.jpg\" alt=\"psychologiefreinet\" width=\"200\" height=\"282\" srcset=\"https:\/\/www.rvdv.net\/vincennes\/wp-content\/uploads\/sites\/5\/2015\/02\/psychologiefreinet.jpg 340w, https:\/\/www.rvdv.net\/vincennes\/wp-content\/uploads\/sites\/5\/2015\/02\/psychologiefreinet-213x300.jpg 213w\" sizes=\"auto, (max-width: 200px) 100vw, 200px\" \/><\/a> <a href=\"https:\/\/www.rvdv.net\/vincennes\/wp-pdf\/apprenti_ecriture.pdf\" target=\"_blank\" rel=\"noopener\"><img loading=\"lazy\" decoding=\"async\" class=\"alignnone wp-image-1186\" src=\"https:\/\/www.rvdv.net\/vincennes\/wp-content\/uploads\/sites\/5\/2015\/02\/ecriturefreinet.jpg\" alt=\"ecriturefreinet\" width=\"172\" height=\"282\" srcset=\"https:\/\/www.rvdv.net\/vincennes\/wp-content\/uploads\/sites\/5\/2015\/02\/ecriturefreinet.jpg 340w, https:\/\/www.rvdv.net\/vincennes\/wp-content\/uploads\/sites\/5\/2015\/02\/ecriturefreinet-183x300.jpg 183w\" sizes=\"auto, (max-width: 172px) 100vw, 172px\" \/><\/a><br \/>\nDeux livres de Freinet accessibles en ligne. Cliquer sur les images pour les t\u00e9l\u00e9charger<\/p>\n<p><strong>La coop\u00e9rative scolaire ou le contrat social<\/strong><\/p>\n<p>Jacques Bens :<br \/>\n\u00ab On a trop vu ces derni\u00e8res ann\u00e9es, dans la p\u00e9dagogie de Freinet, uniquement son aspect individualiste et libertaire. On a trop vu son c\u00f4t\u00e9 d\u00e9veloppement des qualit\u00e9s personnelles de chaque individu. On n&rsquo;a pas vu l&rsquo;autre aspect qui est le deuxi\u00e8me pilier et qui est la coop\u00e9ration. Freinet\u00a0 non seulement n&rsquo;a jamais voulu mais n&rsquo;aurait jamais imagin\u00e9 que l&rsquo;\u00e9cole \u00e9tait destin\u00e9e \u00e0 faire des inadapt\u00e9s sociaux parce qu&rsquo;il avait un sens tr\u00e8s profond de la soci\u00e9t\u00e9 dans laquelle nous sommes tous amen\u00e9s \u00e0 vivre et des n\u00e9cessit\u00e9s\u00a0 de la changer pr\u00e9cis\u00e9ment si elle ne nous pla\u00eet pas.<br \/>\nSa p\u00e9dagogie est enti\u00e8rement fond\u00e9e sur cette dialectique qui est : chaque individu doit se d\u00e9velopper au maximum dans le cadre de la soci\u00e9t\u00e9 dans laquelle il va vivre, quitte \u00e0 la changer si elle ne lui pla\u00eet pas, mais pour pouvoir la changer il faut \u00eatre capable de le faire. Si on est un inadapt\u00e9 social, on ne changera jamais la soci\u00e9t\u00e9 dans laquelle on se trouve. Par cons\u00e9quent ces deux aspects sont absolument indissociables. On ne comprend rien \u00e0 la p\u00e9dagogie de Freinet, si on ne voit pas \u00e7a. C&rsquo;est pourquoi ce que je vous disais tout \u00e0 l&rsquo;heure c&rsquo;est la seule grande p\u00e9dagogie socialiste qu&rsquo;on ait faite parce qu&rsquo;une soci\u00e9t\u00e9 socialiste, enfin telle que je la pense, ne peut pas non plus fonctionner s&rsquo;il n&rsquo;y a pas d&rsquo;une part le d\u00e9veloppement de chaque individu et en m\u00eame temps un sens tr\u00e8s profond de la collectivit\u00e9. Voil\u00e0 pourquoi \u00e0 l&rsquo;\u00e9cole Freinet comme dans toutes les classes Freinet d&rsquo;ailleurs, il y a une coop\u00e9rative scolaire qui fonctionne et qui n&rsquo;est pas seulement destin\u00e9e \u00e0 vendre des billets de loterie pour faire un voyage \u00e0 la fin de l&rsquo;ann\u00e9e mais qui chaque semaine se r\u00e9unit et parle des probl\u00e8mes de la classe. C&rsquo;est un des \u00e9l\u00e9ments fondamentaux, cette r\u00e9union de la coop\u00e9rative o\u00f9 on fait le bilan de la semaine et o\u00f9 on fait les projets pour la semaine suivante; \u00e7a n&rsquo;a pas du tout\u00a0 le sens de censure collective qu&rsquo;on pourrait y voir, si on le caricaturait. C&rsquo;est n\u00e9cessaire pour apprendre aux enfants qu&rsquo;il vont vivre demain dans une collectivit\u00e9 et qu&rsquo;ils sont, d&rsquo;une part oblig\u00e9s de tenir compte de l&rsquo;existence de cette collectivit\u00e9 et d&rsquo;autre part qu&rsquo;ils doivent apprendre \u00e0 s&rsquo;y int\u00e9grer mais aussi \u00e0 se d\u00e9fendre contre elle si c&rsquo;est n\u00e9cessaire. Autrement dit, la p\u00e9dagogie Freinet a pour but de former des citoyens, c&rsquo;est le c\u00f4t\u00e9 le plus important. Il y a une m\u00e9prise incontestable aupr\u00e8s de certains enseignants parce qu&rsquo;il ont \u00e9limin\u00e9 le c\u00f4t\u00e9 vie sociale pour favoriser le d\u00e9veloppement anarchique de chaque individu. Il y a une erreur fondamentale sur ce point. \u00bb<\/p>\n<p>[ndlr: En contrepoint ou en compl\u00e9ment, on peut lire le livre d&rsquo;Anne Querrien, <em>L&rsquo;\u00e9cole mutuelle, une p\u00e9dagogie trop efficace, <\/em>les Emp\u00eacheurs de tourner en rond, 2005.\u00a0Ce livre raconte l&rsquo;histoire de <i>l&rsquo;\u00e9cole mutuelle<\/i> dans la France de la Restauration. (7)]<\/p>\n<p>* \u00abRoger Bill\u00e9 est d\u00e9c\u00e9d\u00e9 \u00e0 Grasse le 7 ao\u00fbt 2014. Il habitait Argenteuil o\u00f9 il a milit\u00e9 toute sa vie au Parti Communiste et au Mouvement de la Paix dont il devint cadre. Il \u00e9tait membre de l\u2019association Amis de Freinet et fut membre du Conseil d\u2019administration. Il \u00e9tait pr\u00e9sident de l\u2019association des anciens de l\u2019\u00c9cole Freinet. Il participa \u00e0 Mayenne en 2006 \u00e0 l\u2019une de nos Assembl\u00e9es g\u00e9n\u00e9rales. J\u2019avais enregistr\u00e9 ses souvenirs en vid\u00e9o. Nous \u00e9crivions alors dans notre compte rendu: \u00abLa r\u00e9union s\u2019est termin\u00e9e par l\u2019interview enregistr\u00e9e en vid\u00e9o de Roger Bill\u00e9 qui fut \u00e9l\u00e8ve de Freinet et actuellement Pr\u00e9sident de l\u2019Association des anciens de l\u2019\u00c9cole Freinet. Nous avons suivi avec beaucoup d\u2019attention le r\u00e9cit de sa vie \u00e0 l\u2019\u00c9cole Freinet et de sa vie d\u2019adulte riche d\u2019exp\u00e9riences. Un moment tr\u00e8s \u00e9mouvant.\u00bb Roger participa comme enfant-acteur au tournage du film <em>L\u2019\u00e9cole buissonni\u00e8re<\/em>.\u00bb Herv\u00e9 Moull\u00e9<\/p>\n<blockquote><p>Liens<\/p><\/blockquote>\n<p>(1) <a href=\"http:\/\/www.worldcat.org\/title\/celestin-freinet-2-emission-n-2-diffusee-le-14-octobre-1993\/oclc\/659266677\" target=\"_blank\" rel=\"noopener\">http:\/\/www.worldcat.org\/title\/celestin-freinet-2-emission-n-2-diffusee-le-14-octobre-1993\/oclc\/659266677<br \/>\n<\/a>(2) <a href=\"http:\/\/www.culturecommunication.gouv.fr\/Regions\/Drac-Paca\/Politique-culturelle\/Patrimoine-du-XXe-siecle\/Le-label\/Les-edifices-labellises\/Label-patrimoine-du-XXe-Alpes-Maritimes\/Vence\/Vence-Ecole-Freinet\/Ecole-Freinet-en-images\" target=\"_blank\" rel=\"noopener\">http:\/\/www.culturecommunication.gouv.fr\/Regions\/Drac-Paca\/Politique-culturelle\/Patrimoine-du-XXe-siecle\/Le-label\/Les-edifices-labellises\/Label-patrimoine-du-XXe-Alpes-Maritimes\/Vence\/Vence-Ecole-Freinet\/Ecole-Freinet-en-images<\/a><br \/>\n(3) <a href=\"http:\/\/cira.marseille.free.fr\/includes\/textes\/bios.php?ordre=11\" target=\"_blank\" rel=\"noopener\">http:\/\/cira.marseille.free.fr\/includes\/textes\/bios.php?ordre=11<\/a><br \/>\n(4) <a href=\"http:\/\/cira.marseille.free.fr\/includes\/textes\/bios.php?ordre=12\" target=\"_blank\" rel=\"noopener\">http:\/\/cira.marseille.free.fr\/includes\/textes\/bios.php?ordre=12<\/a><br \/>\n(5) <a href=\"http:\/\/www.icem-pedagogie-freinet.org\/node\/29022\" target=\"_blank\" rel=\"noopener\">http:\/\/www.icem-pedagogie-freinet.org\/node\/29022<\/a><br \/>\n(6) <a href=\"http:\/\/ecole.decroly.free.fr\/\" target=\"_blank\" rel=\"noopener\">http:\/\/ecole.decroly.free.fr<\/a>\/<br \/>\n(7) <a href=\"http:\/\/ecolesdifferentes.free.fr\/ensorcellementscolaire.htm\" target=\"_blank\" rel=\"noopener\">http:\/\/ecolesdifferentes.free.fr\/ensorcellementscolaire.htm<\/a><\/p>\n","protected":false},"excerpt":{"rendered":"<p>Jean-Pierre Pagliano. France Culture 7 et 14 octobre 1993. \u00c9mission: Profils perdus. C\u00e9lestin Freinet 1896 1966 Extraits retranscrits des \u00e9changes entre Jean-Pierre Pagliano et Madeleine Freinet, la fille D&rsquo;\u00c9lise et C\u00e9lestin Freinet, Jacques Bens, \u00e9crivain oulipien, son mari, et Ren\u00e9 Bill\u00e9, un ancien \u00e9l\u00e8ve de l&rsquo;\u00e9cole. Les enregistrements de ces deux \u00e9missions sont disponibles en &hellip; <a href=\"https:\/\/www.rvdv.net\/vincennes\/latelier-de-linogravure\/freinet-et-la-linogravure\/lecole-freinet-au-prioulet-un-bauhaus-enfantin\/\" class=\"more-link\">Continuer la lecture de <span class=\"screen-reader-text\">L&rsquo;\u00e9cole Freinet, un Bauhaus enfantin<\/span><\/a><\/p>\n","protected":false},"author":2,"featured_media":0,"parent":119,"menu_order":0,"comment_status":"closed","ping_status":"open","template":"","meta":{"footnotes":""},"class_list":["post-344","page","type-page","status-publish","hentry"],"_links":{"self":[{"href":"https:\/\/www.rvdv.net\/vincennes\/wp-json\/wp\/v2\/pages\/344","targetHints":{"allow":["GET"]}}],"collection":[{"href":"https:\/\/www.rvdv.net\/vincennes\/wp-json\/wp\/v2\/pages"}],"about":[{"href":"https:\/\/www.rvdv.net\/vincennes\/wp-json\/wp\/v2\/types\/page"}],"author":[{"embeddable":true,"href":"https:\/\/www.rvdv.net\/vincennes\/wp-json\/wp\/v2\/users\/2"}],"replies":[{"embeddable":true,"href":"https:\/\/www.rvdv.net\/vincennes\/wp-json\/wp\/v2\/comments?post=344"}],"version-history":[{"count":2,"href":"https:\/\/www.rvdv.net\/vincennes\/wp-json\/wp\/v2\/pages\/344\/revisions"}],"predecessor-version":[{"id":1846,"href":"https:\/\/www.rvdv.net\/vincennes\/wp-json\/wp\/v2\/pages\/344\/revisions\/1846"}],"up":[{"embeddable":true,"href":"https:\/\/www.rvdv.net\/vincennes\/wp-json\/wp\/v2\/pages\/119"}],"wp:attachment":[{"href":"https:\/\/www.rvdv.net\/vincennes\/wp-json\/wp\/v2\/media?parent=344"}],"curies":[{"name":"wp","href":"https:\/\/api.w.org\/{rel}","templated":true}]}}